{"id":41,"date":"2023-06-02T13:35:23","date_gmt":"2023-06-02T11:35:23","guid":{"rendered":"https:\/\/www.adycoaduanas.com\/aduanas\/?page_id=41"},"modified":"2023-10-17T14:50:08","modified_gmt":"2023-10-17T12:50:08","slug":"empresa","status":"publish","type":"page","link":"https:\/\/www.adycoaduanas.com\/aduanas\/empresa\/","title":{"rendered":"EMPRESA"},"content":{"rendered":"<p>[et_pb_section fb_built=\u00bb1&#8243; admin_label=\u00bbApertura\u00bb _builder_version=\u00bb4.21.0&#8243; background_color=\u00bbrgba(94,94,94,0.2)\u00bb background_image=\u00bbhttps:\/\/www.adycoaduanas.com\/aduanas\/wp-content\/uploads\/2023\/07\/Fachada-Adyco.jpg\u00bb background_blend=\u00bbmultiply\u00bb custom_padding=\u00bb6vw||0px||false|false\u00bb background_last_edited=\u00bbon|phone\u00bb background_image_tablet=\u00bbhttps:\/\/www.adycoaduanas.com\/aduanas\/wp-content\/uploads\/2023\/07\/Fachada-Adyco-movil.jpg\u00bb background_image_phone=\u00bbhttps:\/\/www.adycoaduanas.com\/aduanas\/wp-content\/uploads\/2023\/07\/Fachada-Adyco-movil.jpg\u00bb background_enable_image_tablet=\u00bbon\u00bb background_enable_image_phone=\u00bbon\u00bb collapsed=\u00bbon\u00bb global_colors_info=\u00bb{}\u00bb][et_pb_row custom_padding_last_edited=\u00bbon|desktop\u00bb _builder_version=\u00bb4.21.0&#8243; background_enable_image=\u00bboff\u00bb width=\u00bb90%\u00bb max_width=\u00bbnone\u00bb module_alignment=\u00bbleft\u00bb custom_margin_tablet=\u00bb|auto||0px|false|false\u00bb custom_margin_last_edited=\u00bboff|desktop\u00bb custom_padding=\u00bb10vw|20px|14vw|20px|false|true\u00bb custom_padding_tablet=\u00bb16vw||16vw||true|false\u00bb custom_padding_phone=\u00bb||||false|false\u00bb border_color_all=\u00bb#1f1f26&#8243; border_color_right=\u00bb#ED1E25&#8243; locked=\u00bboff\u00bb global_colors_info=\u00bb{}\u00bb][et_pb_column type=\u00bb4_4&#8243; _builder_version=\u00bb4.21.0&#8243; global_colors_info=\u00bb{}\u00bb][et_pb_divider show_divider=\u00bboff\u00bb _builder_version=\u00bb4.21.0&#8243; _module_preset=\u00bbdefault\u00bb height=\u00bb300px\u00bb global_colors_info=\u00bb{}\u00bb][\/et_pb_divider][\/et_pb_column][\/et_pb_row][et_pb_row column_structure=\u00bb1_2,1_2&#8243; make_equal=\u00bbon\u00bb custom_padding_last_edited=\u00bbon|phone\u00bb _builder_version=\u00bb4.21.0&#8243; positioning=\u00bbabsolute\u00bb position_origin_a=\u00bbbottom_left\u00bb position_origin_a_tablet=\u00bb\u00bb position_origin_a_phone=\u00bb\u00bb position_origin_a_last_edited=\u00bbon|desktop\u00bb position_origin_f_tablet=\u00bb\u00bb position_origin_f_phone=\u00bb\u00bb position_origin_f_last_edited=\u00bbon|desktop\u00bb position_origin_r_tablet=\u00bb\u00bb position_origin_r_phone=\u00bb\u00bb position_origin_r_last_edited=\u00bbon|desktop\u00bb width=\u00bb90%\u00bb max_width=\u00bbnone\u00bb height_tablet=\u00bb\u00bb height_phone=\u00bb\u00bb height_last_edited=\u00bbon|phone\u00bb max_height_tablet=\u00bb\u00bb max_height_phone=\u00bb\u00bb max_height_last_edited=\u00bbon|phone\u00bb custom_margin=\u00bb|auto||0px|false|false\u00bb custom_padding=\u00bb0px||0px|10vw|true|false\u00bb custom_padding_tablet=\u00bb0px||0px|10vw|true|false\u00bb custom_padding_phone=\u00bb0px||0px|10vw|true|false\u00bb positioning_tablet=\u00bbnone\u00bb positioning_phone=\u00bb\u00bb positioning_last_edited=\u00bbon|tablet\u00bb box_shadow_style=\u00bbpreset4&#8243; box_shadow_horizontal=\u00bb30vw\u00bb box_shadow_vertical=\u00bb0px\u00bb box_shadow_color=\u00bb#ffffff\u00bb locked=\u00bboff\u00bb global_colors_info=\u00bb{}\u00bb][et_pb_column type=\u00bb1_2&#8243; _builder_version=\u00bb4.21.0&#8243; custom_padding=\u00bb||||false|false\u00bb global_colors_info=\u00bb{}\u00bb][\/et_pb_column][et_pb_column type=\u00bb1_2&#8243; _builder_version=\u00bb4.21.0&#8243; background_color=\u00bbrgba(237,30,37,0.8)\u00bb custom_padding=\u00bb60px|4%|60px|4%|true|true\u00bb custom_padding_tablet=\u00bb60px|4%|60px|4%|true|true\u00bb custom_padding_phone=\u00bb30px||30px||true|true\u00bb custom_padding_last_edited=\u00bbon|phone\u00bb global_colors_info=\u00bb{}\u00bb][et_pb_text _builder_version=\u00bb4.21.0&#8243; header_font=\u00bbSaira Semi Condensed|700|||||||\u00bb header_2_text_color=\u00bb#FFFFFF\u00bb header_2_font_size=\u00bb60px\u00bb header_3_font=\u00bbPrata||||||||\u00bb header_3_font_size=\u00bb30px\u00bb header_3_line_height=\u00bb1.3em\u00bb background_layout=\u00bbdark\u00bb custom_margin=\u00bb||4px||false|false\u00bb header_2_font_size_tablet=\u00bb50px\u00bb header_2_font_size_phone=\u00bb28px\u00bb header_2_font_size_last_edited=\u00bbon|phone\u00bb header_3_font_size_tablet=\u00bb22px\u00bb header_3_font_size_phone=\u00bb20px\u00bb header_3_font_size_last_edited=\u00bbon|phone\u00bb header_text_shadow_style=\u00bbpreset2&#8243; header_2_text_shadow_style=\u00bbpreset2&#8243; locked=\u00bboff\u00bb global_colors_info=\u00bb{}\u00bb]<\/p>\n<h2>ADYCO ADUANAS<\/h2>\n<p>[\/et_pb_text][\/et_pb_column][\/et_pb_row][\/et_pb_section][et_pb_section fb_built=\u00bb1&#8243; admin_label=\u00bbConoce Adyco\u00bb _builder_version=\u00bb4.21.0&#8243; _module_preset=\u00bbdefault\u00bb custom_padding=\u00bb|0px|2px||false|false\u00bb border_color_top=\u00bb#ED1E25&#8243; collapsed=\u00bbon\u00bb global_colors_info=\u00bb{}\u00bb][et_pb_row column_structure=\u00bb1_4,1_4,1_4,1_4&#8243; make_equal=\u00bbon\u00bb custom_padding_last_edited=\u00bbon|tablet\u00bb admin_label=\u00bbmenu\u00bb module_id=\u00bbmenu\u00bb _builder_version=\u00bb4.21.0&#8243; _module_preset=\u00bbdefault\u00bb background_color=\u00bbRGBA(255,255,255,0)\u00bb custom_margin=\u00bb||||false|false\u00bb custom_margin_tablet=\u00bb||50px||false|false\u00bb custom_margin_phone=\u00bb||0px||false|false\u00bb custom_margin_last_edited=\u00bbon|phone\u00bb custom_padding_tablet=\u00bb||||false|false\u00bb custom_padding_phone=\u00bb||||false|false\u00bb custom_css_main_element=\u00bbalign-items: center;||\u00bb collapsed=\u00bbon\u00bb global_colors_info=\u00bb{}\u00bb image_icon_width_tablet=\u00bb50px\u00bb image_icon_width_phone=\u00bb50px\u00bb image_icon_width_last_edited=\u00bbon|phone\u00bb header_font_size_tablet=\u00bb18px\u00bb header_font_size_phone=\u00bb18px\u00bb header_font_size_last_edited=\u00bbon|phone\u00bb image_icon_custom_padding_tablet=\u00bb||20px||false|false\u00bb image_icon_custom_padding_phone=\u00bb||10px||false|false\u00bb image_icon_custom_padding_last_edited=\u00bbon|tablet\u00bb][et_pb_column type=\u00bb1_4&#8243; _builder_version=\u00bb4.21.0&#8243; _module_preset=\u00bbdefault\u00bb border_radii=\u00bbon|5px|5px|5px|5px\u00bb border_width_all=\u00bb1px\u00bb border_color_all=\u00bb#E7D1D1&#8243; global_colors_info=\u00bb{}\u00bb][et_pb_text _builder_version=\u00bb4.21.0&#8243; _module_preset=\u00bbdefault\u00bb text_font=\u00bbSaira Semi Condensed|600|||||||\u00bb text_text_color=\u00bb#ED1E25&#8243; text_font_size=\u00bb20px\u00bb text_letter_spacing=\u00bb1px\u00bb link_text_color=\u00bb#ED1E25&#8243; text_orientation=\u00bbcenter\u00bb custom_padding=\u00bb10px|5px|10px|5px|true|true\u00bb link_option_url=\u00bb\/aduanas\/empresa\/#mision\u00bb text_font_size_tablet=\u00bb18px\u00bb text_font_size_phone=\u00bb18px\u00bb text_font_size_last_edited=\u00bbon|tablet\u00bb link_text_color_tablet=\u00bb#ED1E25&#8243; link_text_color_phone=\u00bb#ED1E25&#8243; link_text_color_last_edited=\u00bbon|desktop\u00bb global_colors_info=\u00bb{}\u00bb text_letter_spacing__hover_enabled=\u00bbon|hover\u00bb text_letter_spacing__hover=\u00bb2px\u00bb text_text_color__hover_enabled=\u00bbon|desktop\u00bb link_text_color__hover_enabled=\u00bbon|hover\u00bb link_text_color__hover=\u00bb#272222&#8243; text_text_color__hover=\u00bb#ED1E25&#8243;]<\/p>\n<p>MIS\u00d3N &#8211; VISI\u00d3N &#8211; VALORES<\/p>\n<p>[\/et_pb_text][\/et_pb_column][et_pb_column type=\u00bb1_4&#8243; _builder_version=\u00bb4.21.0&#8243; _module_preset=\u00bbdefault\u00bb border_radii=\u00bbon|5px|5px|5px|5px\u00bb border_width_all=\u00bb1px\u00bb border_color_all=\u00bb#E7D1D1&#8243; global_colors_info=\u00bb{}\u00bb][et_pb_text _builder_version=\u00bb4.21.0&#8243; _module_preset=\u00bbdefault\u00bb text_font=\u00bbSaira Semi Condensed|600|||||||\u00bb text_text_color=\u00bb#ED1E25&#8243; text_font_size=\u00bb20px\u00bb text_letter_spacing=\u00bb1px\u00bb link_text_color=\u00bb#ED1E25&#8243; text_orientation=\u00bbcenter\u00bb custom_padding=\u00bb10px|5px|10px|5px|true|true\u00bb link_option_url=\u00bb\/aduanas\/empresa\/#historia\u00bb text_font_size_tablet=\u00bb18px\u00bb text_font_size_phone=\u00bb18px\u00bb text_font_size_last_edited=\u00bbon|tablet\u00bb link_text_color_tablet=\u00bb#ED1E25&#8243; link_text_color_phone=\u00bb#ED1E25&#8243; link_text_color_last_edited=\u00bbon|desktop\u00bb global_colors_info=\u00bb{}\u00bb text_letter_spacing__hover_enabled=\u00bbon|hover\u00bb text_letter_spacing__hover=\u00bb2px\u00bb text_text_color__hover_enabled=\u00bbon|desktop\u00bb link_text_color__hover_enabled=\u00bbon|hover\u00bb link_text_color__hover=\u00bb#272222&#8243; text_text_color__hover=\u00bb#ED1E25&#8243;]<\/p>\n<p>NUESTRA HISTORIA<\/p>\n<p>[\/et_pb_text][\/et_pb_column][et_pb_column type=\u00bb1_4&#8243; _builder_version=\u00bb4.21.0&#8243; _module_preset=\u00bbdefault\u00bb border_radii=\u00bbon|5px|5px|5px|5px\u00bb border_width_all=\u00bb1px\u00bb border_color_all=\u00bb#E7D1D1&#8243; global_colors_info=\u00bb{}\u00bb][et_pb_text _builder_version=\u00bb4.21.0&#8243; _module_preset=\u00bbdefault\u00bb text_font=\u00bbSaira Semi Condensed|600|||||||\u00bb text_text_color=\u00bb#ED1E25&#8243; text_font_size=\u00bb20px\u00bb text_letter_spacing=\u00bb1px\u00bb link_text_color=\u00bb#ED1E25&#8243; text_orientation=\u00bbcenter\u00bb custom_padding=\u00bb10px|5px|10px|5px|true|true\u00bb link_option_url=\u00bb\/aduanas\/empresa\/#rsc\u00bb motion_trigger_start=\u00bbbottom\u00bb text_font_size_tablet=\u00bb18px\u00bb text_font_size_phone=\u00bb18px\u00bb text_font_size_last_edited=\u00bbon|tablet\u00bb link_text_color_tablet=\u00bb#ED1E25&#8243; link_text_color_phone=\u00bb#ED1E25&#8243; link_text_color_last_edited=\u00bbon|desktop\u00bb global_colors_info=\u00bb{}\u00bb text_letter_spacing__hover_enabled=\u00bbon|hover\u00bb text_letter_spacing__hover=\u00bb2px\u00bb text_text_color__hover_enabled=\u00bbon|desktop\u00bb link_text_color__hover_enabled=\u00bbon|hover\u00bb link_text_color__hover=\u00bb#272222&#8243; text_text_color__hover=\u00bb#ED1E25&#8243;]<\/p>\n<p>RES. SOCIAL CORPORATIVA<\/p>\n<p>[\/et_pb_text][\/et_pb_column][et_pb_column type=\u00bb1_4&#8243; _builder_version=\u00bb4.21.0&#8243; _module_preset=\u00bbdefault\u00bb border_radii=\u00bbon|5px|5px|5px|5px\u00bb border_width_all=\u00bb1px\u00bb border_color_all=\u00bb#E7D1D1&#8243; global_colors_info=\u00bb{}\u00bb][et_pb_text _builder_version=\u00bb4.21.0&#8243; _module_preset=\u00bbdefault\u00bb text_font=\u00bbSaira Semi Condensed|600|||||||\u00bb text_text_color=\u00bb#ED1E25&#8243; text_font_size=\u00bb20px\u00bb text_letter_spacing=\u00bb1px\u00bb link_text_color=\u00bb#ED1E25&#8243; text_orientation=\u00bbcenter\u00bb custom_padding=\u00bb10px|5px|10px|5px|true|true\u00bb link_option_url=\u00bb\/aduanas\/empresa\/#clientes\u00bb text_font_size_tablet=\u00bb18px\u00bb text_font_size_phone=\u00bb18px\u00bb text_font_size_last_edited=\u00bbon|tablet\u00bb link_text_color_tablet=\u00bb#ED1E25&#8243; link_text_color_phone=\u00bb#ED1E25&#8243; link_text_color_last_edited=\u00bbon|desktop\u00bb global_colors_info=\u00bb{}\u00bb text_letter_spacing__hover_enabled=\u00bbon|hover\u00bb text_letter_spacing__hover=\u00bb2px\u00bb text_text_color__hover_enabled=\u00bbon|desktop\u00bb link_text_color__hover_enabled=\u00bbon|hover\u00bb link_text_color__hover=\u00bb#272222&#8243; text_text_color__hover=\u00bb#ED1E25&#8243;]<\/p>\n<p><a href=\"refrigerado\"><\/a>NUESTROS CLIENTES<\/p>\n<p>[\/et_pb_text][\/et_pb_column][\/et_pb_row][et_pb_row admin_label=\u00bbTitulo\u00bb _builder_version=\u00bb4.21.0&#8243; _module_preset=\u00bbdefault\u00bb width_tablet=\u00bb\u00bb width_phone=\u00bb100%\u00bb width_last_edited=\u00bbon|tablet\u00bb module_alignment=\u00bbcenter\u00bb custom_margin=\u00bb2%|auto||auto|false|false\u00bb custom_margin_tablet=\u00bb||30px||false|false\u00bb custom_margin_phone=\u00bb0px||20px||false|false\u00bb custom_margin_last_edited=\u00bbon|phone\u00bb collapsed=\u00bbon\u00bb global_colors_info=\u00bb{}\u00bb][et_pb_column type=\u00bb4_4&#8243; _builder_version=\u00bb4.21.0&#8243; _module_preset=\u00bbdefault\u00bb global_colors_info=\u00bb{}\u00bb][et_pb_text _builder_version=\u00bb4.21.0&#8243; _module_preset=\u00bbdefault\u00bb header_font=\u00bbSaira Semi Condensed|800||on|||||\u00bb header_text_align=\u00bbcenter\u00bb header_text_color=\u00bb#ED1E25&#8243; header_font_size=\u00bb80px\u00bb header_letter_spacing=\u00bb5px\u00bb header_4_font=\u00bbMontserrat|500||on|||||\u00bb header_4_text_align=\u00bbcenter\u00bb header_4_text_color=\u00bb#272222&#8243; header_4_font_size=\u00bb20px\u00bb header_4_letter_spacing=\u00bb5px\u00bb header_4_line_height=\u00bb2.2em\u00bb module_alignment=\u00bbcenter\u00bb custom_padding_tablet=\u00bb\u00bb custom_padding_phone=\u00bb|6px||6px|false|true\u00bb custom_padding_last_edited=\u00bbon|phone\u00bb header_4_font_size_tablet=\u00bb20px\u00bb header_4_font_size_phone=\u00bb14px\u00bb header_4_font_size_last_edited=\u00bbon|phone\u00bb header_4_letter_spacing_tablet=\u00bb5px\u00bb header_4_letter_spacing_phone=\u00bb1px\u00bb header_4_letter_spacing_last_edited=\u00bbon|phone\u00bb global_colors_info=\u00bb{}\u00bb]<\/p>\n<h4>L\u00cdDERES EN ECOMMERCE Y LOG\u00cdSTICA A CANARIAS<\/h4>\n<p>[\/et_pb_text][\/et_pb_column][\/et_pb_row][et_pb_row column_structure=\u00bb1_2,1_2&#8243; disabled_on=\u00bbon|off|off\u00bb _builder_version=\u00bb4.21.0&#8243; _module_preset=\u00bbdefault\u00bb collapsed=\u00bbon\u00bb global_colors_info=\u00bb{}\u00bb][et_pb_column type=\u00bb1_2&#8243; _builder_version=\u00bb4.21.0&#8243; _module_preset=\u00bbdefault\u00bb custom_css_before=\u00bbmargin: auto auto 0;||\u00bb global_colors_info=\u00bb{}\u00bb][et_pb_text _builder_version=\u00bb4.21.0&#8243; _module_preset=\u00bb6355f4d6-48f2-45af-b9ce-5d7c0ae556bf\u00bb text_font=\u00bbOpen Sans||||||||\u00bb text_text_color=\u00bb#272222&#8243; global_colors_info=\u00bb{}\u00bb]<\/p>\n<p>Somos una de las compa\u00f1\u00edas de referencia en el despacho y almac\u00e9n de aduanas en Espa\u00f1a. <strong>Ofrecemos servicios de despacho de aduanas B2B y B2C, ADT y dep\u00f3sito aduaneros y transporte y log\u00edstica desde y hacia las islas Canarias.<\/strong><\/p>\n<p>Como expertos en aduanas, <strong>contamos con todas las acreditaciones y certificaciones oficiales<\/strong> que nos permiten trabajar de un modo directo con cualquier organismo o administraci\u00f3n tanto de Espa\u00f1a como de la Uni\u00f3n Europea. Por este motivo muchas grandes compa\u00f1\u00edas nos conf\u00edan sus despachos de aduanas, convirti\u00e9ndonos en partners directos de las principales empresas de courier y transporte urgente a nivel internacional.<\/p>\n<p><strong>Realizamos desarrollos a medida.<\/strong> Definimos los servicios y la estructura operativa en funci\u00f3n de sus necesidades y nos integramos a nivel de sistemas con ellos, agilizando y simplificando los tr\u00e1mites aduaneros.<\/p>\n<p>[\/et_pb_text][\/et_pb_column][et_pb_column type=\u00bb1_2&#8243; _builder_version=\u00bb4.21.0&#8243; _module_preset=\u00bbdefault\u00bb custom_css_main_element=\u00bbmargin: auto auto 0;||\u00bb global_colors_info=\u00bb{}\u00bb][et_pb_text _builder_version=\u00bb4.22.1&#8243; _module_preset=\u00bb6355f4d6-48f2-45af-b9ce-5d7c0ae556bf\u00bb text_font=\u00bbOpen Sans||||||||\u00bb text_text_color=\u00bb#272222&#8243; global_colors_info=\u00bb{}\u00bb]<\/p>\n<p>Dado auge del comercio online, desde hace unos a\u00f1os nos hemos especializado en los <strong>despachos urgentes ecommerce, <\/strong>destacando por la rapidez y eficacia ya que <strong>ofrecemos nuestros servicios las 24 horas del d\u00eda.<\/strong> Gracias a ello, nos hemos convertido en una las empresas m\u00e1s destacadas para la <strong>mercanc\u00eda procedente de Asia y Reino Unido.<\/strong><\/p>\n<p>Adem\u00e1s, <strong>somos la empresa de referencia en transporte y log\u00edstica a Canarias.<\/strong> Contamos con sedes en Tenerife y Las Palmas lo que nos permite trabajar con personal propio y en nuestras instalaciones, agilizando los procesos e incrementando la seguridad.<\/p>\n<p>Llevamos con orgullo nuestro trato cercano con los clientes a lo largo de los 17 a\u00f1os de recorrido desde la fundaci\u00f3n de la compa\u00f1\u00eda, realizando un traje a medida para cada ocasi\u00f3n.<\/p>\n<p>[\/et_pb_text][\/et_pb_column][\/et_pb_row][et_pb_row _builder_version=\u00bb4.22.1&#8243; _module_preset=\u00bbdefault\u00bb collapsed=\u00bbon\u00bb global_colors_info=\u00bb{}\u00bb][et_pb_column type=\u00bb4_4&#8243; _builder_version=\u00bb4.21.0&#8243; _module_preset=\u00bbdefault\u00bb global_colors_info=\u00bb{}\u00bb][et_pb_text disabled_on=\u00bboff|on|on\u00bb _builder_version=\u00bb4.22.1&#8243; _module_preset=\u00bb6355f4d6-48f2-45af-b9ce-5d7c0ae556bf\u00bb text_font=\u00bbOpen Sans||||||||\u00bb text_text_color=\u00bb#272222&#8243; global_colors_info=\u00bb{}\u00bb]<\/p>\n<p>Somos una de las compa\u00f1\u00edas de referencia en el despacho y almac\u00e9n de aduanas en Espa\u00f1a. <strong>Ofrecemos servicios de despacho de aduanas B2B y B2C, ADT y dep\u00f3sito aduaneros y transporte y log\u00edstica desde y hacia las islas Canarias.<\/strong><\/p>\n<p><strong>Contamos con todas las acreditaciones y certificaciones oficiales<\/strong> que nos permiten trabajar de un modo directo con cualquier organismo o administraci\u00f3n tanto de Espa\u00f1a como de la Uni\u00f3n Europea.<\/p>\n<p><strong>Realizamos desarrollos a medida.<\/strong> Definimos los servicios y la estructura operativa en funci\u00f3n de sus necesidades y nos integramos a nivel de sistemas con ellos, agilizando y simplificando los tr\u00e1mites aduaneros.<\/p>\n<p>Dado auge del comercio online, desde hace unos a\u00f1os nos hemos especializado en los <strong>despachos urgentes ecommerce,<\/strong> destacando por la rapidez y eficacia ya que <strong>ofrecemos nuestros servicios las 24 horas del d\u00eda.<\/strong> Gracias a ello, nos hemos convertido en una las empresas m\u00e1s destacadas para la <strong>mercanc\u00eda procedente de Asia y Reino Unido.<\/strong><\/p>\n<p>Adem\u00e1s, <strong>somos la empresa de referencia en transporte y log\u00edstica a Canarias.<\/strong> Contamos con sedes en Tenerife y Las Palmas lo que nos permite trabajar con personal propio y en nuestras instalaciones, agilizando los procesos e incrementando la seguridad.<\/p>\n<p>Llevamos con orgullo nuestro trato cercano con los clientes a lo largo de los 17 a\u00f1os de recorrido desde la fundaci\u00f3n de la compa\u00f1\u00eda, realizando un traje a medida para cada ocasi\u00f3n.<\/p>\n<p>[\/et_pb_text][\/et_pb_column][\/et_pb_row][et_pb_row _builder_version=\u00bb4.21.0&#8243; _module_preset=\u00bbdefault\u00bb collapsed=\u00bbon\u00bb global_colors_info=\u00bb{}\u00bb][et_pb_column type=\u00bb4_4&#8243; _builder_version=\u00bb4.21.0&#8243; _module_preset=\u00bbdefault\u00bb global_colors_info=\u00bb{}\u00bb][et_pb_divider _builder_version=\u00bb4.21.0&#8243; _module_preset=\u00bbdefault\u00bb global_colors_info=\u00bb{}\u00bb][\/et_pb_divider][\/et_pb_column][\/et_pb_row][\/et_pb_section][et_pb_section fb_built=\u00bb1&#8243; custom_padding_last_edited=\u00bbon|phone\u00bb admin_label=\u00bbmision\u00bb module_id=\u00bbmision\u00bb _builder_version=\u00bb4.21.0&#8243; _module_preset=\u00bbdefault\u00bb custom_padding_tablet=\u00bb\u00bb custom_padding_phone=\u00bb0px||||false|false\u00bb collapsed=\u00bbon\u00bb global_colors_info=\u00bb{}\u00bb title_font_size_tablet=\u00bb30px\u00bb title_font_size_phone=\u00bb20px\u00bb title_font_size_last_edited=\u00bbon|phone\u00bb number_font_size_tablet=\u00bb40px\u00bb number_font_size_phone=\u00bb30px\u00bb number_font_size_last_edited=\u00bbon|phone\u00bb][et_pb_row column_structure=\u00bb1_3,2_3&#8243; disabled_on=\u00bbon|on|off\u00bb _builder_version=\u00bb4.21.0&#8243; _module_preset=\u00bbdefault\u00bb width=\u00bb70%\u00bb collapsed=\u00bboff\u00bb global_colors_info=\u00bb{}\u00bb][et_pb_column type=\u00bb1_3&#8243; _builder_version=\u00bb4.21.0&#8243; _module_preset=\u00bbdefault\u00bb global_colors_info=\u00bb{}\u00bb][et_pb_text _builder_version=\u00bb4.21.0&#8243; _module_preset=\u00bbe949edfa-e494-42db-9eec-0805c3b1a059&#8243; header_2_font=\u00bbSaira Semi Condensed|||on|||||\u00bb header_2_text_color=\u00bbgcid-11d3dbbb-f6dc-4fb8-929b-9d6994368d00&#8243; header_2_font_size=\u00bb38px\u00bb header_2_line_height=\u00bb1.8em\u00bb header_2_font_size_tablet=\u00bb30px\u00bb header_2_font_size_phone=\u00bb28px\u00bb global_colors_info=\u00bb{%22gcid-11d3dbbb-f6dc-4fb8-929b-9d6994368d00%22:%91%22header_2_text_color%22%93}\u00bb]<\/p>\n<h2 style=\"text-align: right;\">MISI\u00d3N<\/h2>\n<p>[\/et_pb_text][\/et_pb_column][et_pb_column type=\u00bb2_3&#8243; _builder_version=\u00bb4.21.0&#8243; _module_preset=\u00bbdefault\u00bb global_colors_info=\u00bb{}\u00bb][et_pb_text _builder_version=\u00bb4.21.0&#8243; _module_preset=\u00bb6355f4d6-48f2-45af-b9ce-5d7c0ae556bf\u00bb text_font=\u00bbMontserrat|||||on|||\u00bb text_text_color=\u00bb#272222&#8243; max_width=\u00bb60%\u00bb global_colors_info=\u00bb{}\u00bb]<\/p>\n<p style=\"text-align: justify;\">Simplificar los procesos aduaneros convirti\u00e9ndolos en procedimientos r\u00e1pidos, sencillos y seguros. Automatizar los tr\u00e1mites para minimizar los tiempos de despacho. Integrarnos con los sistemas de nuestros clientes para ofrecer informaci\u00f3n en tiempo real.<\/p>\n<p>[\/et_pb_text][\/et_pb_column][\/et_pb_row][et_pb_row column_structure=\u00bb1_3,2_3&#8243; disabled_on=\u00bbon|on|off\u00bb _builder_version=\u00bb4.21.0&#8243; _module_preset=\u00bbdefault\u00bb width=\u00bb70%\u00bb global_colors_info=\u00bb{}\u00bb][et_pb_column type=\u00bb1_3&#8243; _builder_version=\u00bb4.21.0&#8243; _module_preset=\u00bbdefault\u00bb global_colors_info=\u00bb{}\u00bb][et_pb_text _builder_version=\u00bb4.21.0&#8243; _module_preset=\u00bbe949edfa-e494-42db-9eec-0805c3b1a059&#8243; header_2_font=\u00bbSaira Semi Condensed|||on|||||\u00bb header_2_text_color=\u00bbgcid-11d3dbbb-f6dc-4fb8-929b-9d6994368d00&#8243; header_2_font_size=\u00bb38px\u00bb header_2_line_height=\u00bb1.8em\u00bb header_2_font_size_tablet=\u00bb30px\u00bb header_2_font_size_phone=\u00bb28px\u00bb global_colors_info=\u00bb{%22gcid-11d3dbbb-f6dc-4fb8-929b-9d6994368d00%22:%91%22header_2_text_color%22,%22header_2_text_color%22%93}\u00bb]<\/p>\n<h2 style=\"text-align: right;\">VISI\u00d3N<\/h2>\n<p>[\/et_pb_text][\/et_pb_column][et_pb_column type=\u00bb2_3&#8243; _builder_version=\u00bb4.21.0&#8243; _module_preset=\u00bbdefault\u00bb global_colors_info=\u00bb{}\u00bb][et_pb_text _builder_version=\u00bb4.21.0&#8243; _module_preset=\u00bb6355f4d6-48f2-45af-b9ce-5d7c0ae556bf\u00bb text_font=\u00bbMontserrat|||||on|||\u00bb text_text_color=\u00bb#272222&#8243; max_width=\u00bb60%\u00bb global_colors_info=\u00bb{}\u00bb]<\/p>\n<p style=\"text-align: justify;\">Transformar los procedimientos aduaneros a trav\u00e9s de la innovaci\u00f3n y el desarrollo constantes en tecnolog\u00eda y sistemas de informaci\u00f3n. Hacer de la aduana un eslab\u00f3n m\u00e1s que se integre de forma perfecta dentro de la cadena de suministro.<\/p>\n<p>[\/et_pb_text][\/et_pb_column][\/et_pb_row][et_pb_row column_structure=\u00bb1_3,2_3&#8243; disabled_on=\u00bbon|on|off\u00bb _builder_version=\u00bb4.21.0&#8243; _module_preset=\u00bbdefault\u00bb width=\u00bb70%\u00bb global_colors_info=\u00bb{}\u00bb][et_pb_column type=\u00bb1_3&#8243; _builder_version=\u00bb4.21.0&#8243; _module_preset=\u00bbdefault\u00bb global_colors_info=\u00bb{}\u00bb][et_pb_text _builder_version=\u00bb4.21.0&#8243; _module_preset=\u00bbe949edfa-e494-42db-9eec-0805c3b1a059&#8243; header_2_font=\u00bbSaira Semi Condensed|||on|||||\u00bb header_2_text_color=\u00bbgcid-11d3dbbb-f6dc-4fb8-929b-9d6994368d00&#8243; header_2_font_size=\u00bb38px\u00bb header_2_line_height=\u00bb1.8em\u00bb header_2_font_size_tablet=\u00bb30px\u00bb header_2_font_size_phone=\u00bb28px\u00bb global_colors_info=\u00bb{%22gcid-11d3dbbb-f6dc-4fb8-929b-9d6994368d00%22:%91%22header_2_text_color%22,%22header_2_text_color%22,%22header_2_text_color%22%93}\u00bb]<\/p>\n<h2 style=\"text-align: right;\">VALORES<\/h2>\n<p>[\/et_pb_text][\/et_pb_column][et_pb_column type=\u00bb2_3&#8243; _builder_version=\u00bb4.21.0&#8243; _module_preset=\u00bbdefault\u00bb global_colors_info=\u00bb{}\u00bb][et_pb_text _builder_version=\u00bb4.21.0&#8243; _module_preset=\u00bb6355f4d6-48f2-45af-b9ce-5d7c0ae556bf\u00bb text_font=\u00bbMontserrat|||||on|||\u00bb text_text_color=\u00bb#272222&#8243; max_width=\u00bb60%\u00bb custom_padding=\u00bb||0px|||\u00bb global_colors_info=\u00bb{}\u00bb]<\/p>\n<p style=\"text-align: justify;\">Cercan\u00eda y confianza en el trato con el cliente. Trabajamos bajo las premisas de transparencia y honestidad en todos nuestros procedimientos. Tenemos una clara vocaci\u00f3n hacia el esfuerzo y el aprendizaje constantes que nos permitan mejorar en nuestro trabajo d\u00eda a d\u00eda.<\/p>\n<p>[\/et_pb_text][et_pb_button button_url=\u00bb\/aduanas\/empresa\/#menu\u00bb button_text=\u00bbVolver\u00bb button_alignment=\u00bbleft\u00bb _builder_version=\u00bb4.21.0&#8243; _module_preset=\u00bbe44a4e92-266b-4174-85d5-5dd15c5bf7c0&#8243; button_text_color=\u00bb#272222&#8243; button_border_width=\u00bb0px\u00bb button_border_color=\u00bbRGBA(255,255,255,0)\u00bb button_border_radius=\u00bb0px\u00bb button_letter_spacing=\u00bb5px\u00bb button_font=\u00bbOpen Sans|700||on|||||\u00bb button_icon=\u00bb&#x21;||divi||400&#8243; button_icon_color=\u00bb#272222&#8243; button_on_hover=\u00bboff\u00bb custom_padding=\u00bb|10px|||true|false\u00bb button_text_size_tablet=\u00bb16px\u00bb button_text_size_phone=\u00bb12px\u00bb button_text_size_last_edited=\u00bbon|desktop\u00bb button_text_color_tablet=\u00bb#272222&#8243; button_text_color_phone=\u00bb#272222&#8243; button_text_color_last_edited=\u00bbon|desktop\u00bb global_colors_info=\u00bb{}\u00bb button_text_size__hover_enabled=\u00bbon|hover\u00bb button_letter_spacing__hover_enabled=\u00bbon|desktop\u00bb button_letter_spacing__hover=\u00bb7px\u00bb button_text_color__hover_enabled=\u00bbon|hover\u00bb button_text_color__hover=\u00bb#ED1E25&#8243; button_icon_color__hover_enabled=\u00bbon|hover\u00bb button_icon_color__hover=\u00bb#ED1E25&#8243;][\/et_pb_button][\/et_pb_column][\/et_pb_row][et_pb_row disabled_on=\u00bboff|off|on\u00bb _builder_version=\u00bb4.21.0&#8243; _module_preset=\u00bbdefault\u00bb global_colors_info=\u00bb{}\u00bb][et_pb_column type=\u00bb4_4&#8243; _builder_version=\u00bb4.21.0&#8243; _module_preset=\u00bbdefault\u00bb global_colors_info=\u00bb{}\u00bb][et_pb_text _builder_version=\u00bb4.21.0&#8243; _module_preset=\u00bb6355f4d6-48f2-45af-b9ce-5d7c0ae556bf\u00bb text_font=\u00bbMontserrat|||||on|||\u00bb text_text_color=\u00bb#272222&#8243; header_2_font=\u00bbSaira Semi Condensed|||on|||||\u00bb header_2_font_size=\u00bb38px\u00bb header_2_line_height=\u00bb1.8em\u00bb module_alignment=\u00bbcenter\u00bb custom_margin=\u00bb||40px||false|false\u00bb custom_padding=\u00bb||30px||false|false\u00bb text_font_size_tablet=\u00bb16px\u00bb text_font_size_phone=\u00bb15px\u00bb text_font_size_last_edited=\u00bbon|tablet\u00bb header_2_font_size_tablet=\u00bb30px\u00bb header_2_font_size_phone=\u00bb28px\u00bb header_2_font_size_last_edited=\u00bbon|phone\u00bb global_colors_info=\u00bb{}\u00bb]<\/p>\n<h2 style=\"text-align: center;\">MISI\u00d3N<\/h2>\n<p style=\"text-align: center;\">Simplificar los procesos aduaneros convirti\u00e9ndolos en procedimientos r\u00e1pidos, sencillos y seguros. Automatizar los tr\u00e1mites para minimizar los tiempos de despacho. Integrarnos con los sistemas de nuestros clientes para oferecer informaci\u00f3n en tiempo real.<\/p>\n<p>[\/et_pb_text][et_pb_text _builder_version=\u00bb4.21.0&#8243; _module_preset=\u00bb6355f4d6-48f2-45af-b9ce-5d7c0ae556bf\u00bb text_font=\u00bbMontserrat|||||on|||\u00bb text_text_color=\u00bb#272222&#8243; header_2_font=\u00bbSaira Semi Condensed|||on|||||\u00bb header_2_font_size=\u00bb38px\u00bb header_2_line_height=\u00bb1.8em\u00bb module_alignment=\u00bbcenter\u00bb custom_margin=\u00bb||40px||false|false\u00bb custom_padding=\u00bb||30px||false|false\u00bb text_font_size_tablet=\u00bb16px\u00bb text_font_size_phone=\u00bb15px\u00bb text_font_size_last_edited=\u00bbon|tablet\u00bb header_2_font_size_tablet=\u00bb30px\u00bb header_2_font_size_phone=\u00bb28px\u00bb header_2_font_size_last_edited=\u00bbon|phone\u00bb global_colors_info=\u00bb{}\u00bb]<\/p>\n<h2 style=\"text-align: center;\">VISI\u00d3N<\/h2>\n<p style=\"text-align: center;\">Transformar los procedimientos aduaneros a trav\u00e9s de la innovaci\u00f3n y el desarrollo constante en tecnolog\u00eda y sistemas de informaci\u00f3n. Hacer de la aduana un eslab\u00f3n m\u00e1s que se integre de forma perfecta dentro de la cadena de suministro.<\/p>\n<p>[\/et_pb_text][et_pb_text _builder_version=\u00bb4.21.0&#8243; _module_preset=\u00bb6355f4d6-48f2-45af-b9ce-5d7c0ae556bf\u00bb text_font=\u00bbMontserrat|||||on|||\u00bb text_text_color=\u00bb#272222&#8243; header_2_font=\u00bbSaira Semi Condensed|||on|||||\u00bb header_2_font_size=\u00bb38px\u00bb header_2_line_height=\u00bb1.8em\u00bb module_alignment=\u00bbcenter\u00bb custom_margin=\u00bb||40px||false|false\u00bb custom_padding=\u00bb||30px||false|false\u00bb text_font_size_tablet=\u00bb16px\u00bb text_font_size_phone=\u00bb15px\u00bb text_font_size_last_edited=\u00bbon|tablet\u00bb header_2_font_size_tablet=\u00bb30px\u00bb header_2_font_size_phone=\u00bb28px\u00bb header_2_font_size_last_edited=\u00bbon|phone\u00bb global_colors_info=\u00bb{}\u00bb]<\/p>\n<h2 style=\"text-align: center;\">VALORES<\/h2>\n<p style=\"text-align: center;\">Cercan\u00eda y confianza en el trato con el cliente. Trabajamos bajo las premisas de transparencia y honestidad en todos nuestros procedimientos. Tenemos una clara vocaci\u00f3n hacia el esfuerzo y el aprendizaje constantes que nos permitan mejorar en nuestro trabajo d\u00eda a d\u00eda.<\/p>\n<p>[\/et_pb_text][\/et_pb_column][\/et_pb_row][et_pb_row disabled_on=\u00bboff|off|on\u00bb _builder_version=\u00bb4.21.0&#8243; _module_preset=\u00bbdefault\u00bb custom_padding=\u00bb0px||0px||true|false\u00bb global_colors_info=\u00bb{}\u00bb][et_pb_column type=\u00bb4_4&#8243; _builder_version=\u00bb4.21.0&#8243; _module_preset=\u00bbdefault\u00bb global_colors_info=\u00bb{}\u00bb][et_pb_button button_url=\u00bb\/aduanas\/empresa\/#menu\u00bb button_text=\u00bbVolver\u00bb button_alignment=\u00bbcenter\u00bb _builder_version=\u00bb4.21.0&#8243; _module_preset=\u00bbe44a4e92-266b-4174-85d5-5dd15c5bf7c0&#8243; button_text_color=\u00bb#272222&#8243; button_border_width=\u00bb0px\u00bb button_border_color=\u00bbRGBA(255,255,255,0)\u00bb button_border_radius=\u00bb0px\u00bb button_letter_spacing=\u00bb5px\u00bb button_font=\u00bbOpen Sans|700||on|||||\u00bb button_icon=\u00bb&#x21;||divi||400&#8243; button_icon_color=\u00bb#272222&#8243; button_on_hover=\u00bboff\u00bb custom_padding=\u00bb|10px|||true|false\u00bb button_text_size_tablet=\u00bb16px\u00bb button_text_size_phone=\u00bb12px\u00bb button_text_size_last_edited=\u00bbon|desktop\u00bb button_text_color_tablet=\u00bb#272222&#8243; button_text_color_phone=\u00bb#272222&#8243; button_text_color_last_edited=\u00bbon|desktop\u00bb global_colors_info=\u00bb{}\u00bb button_text_size__hover_enabled=\u00bbon|hover\u00bb button_letter_spacing__hover_enabled=\u00bbon|desktop\u00bb button_letter_spacing__hover=\u00bb7px\u00bb button_text_color__hover_enabled=\u00bbon|hover\u00bb button_text_color__hover=\u00bb#ED1E25&#8243; button_icon_color__hover_enabled=\u00bbon|hover\u00bb button_icon_color__hover=\u00bb#ED1E25&#8243;][\/et_pb_button][\/et_pb_column][\/et_pb_row][\/et_pb_section][et_pb_section fb_built=\u00bb1&#8243; custom_padding_last_edited=\u00bbon|tablet\u00bb admin_label=\u00bbCifras Adyco\u00bb _builder_version=\u00bb4.21.0&#8243; _module_preset=\u00bbdefault\u00bb background_enable_color=\u00bboff\u00bb background_image=\u00bbhttps:\/\/www.adycoaduanas.com\/aduanas\/wp-content\/uploads\/2023\/07\/Cifras-Adyco.jpg\u00bb background_position=\u00bbbottom_center\u00bb background_blend=\u00bbmultiply\u00bb custom_padding=\u00bb10%||6%||false|false\u00bb custom_padding_tablet=\u00bb12%||6%||false|false\u00bb custom_padding_phone=\u00bb15%||||false|false\u00bb background_last_edited=\u00bbon|phone\u00bb background_image_phone=\u00bbhttps:\/\/www.adycoaduanas.com\/aduanas\/wp-content\/uploads\/2023\/07\/Cifras-Adyco-movil.jpg\u00bb background_enable_image_phone=\u00bbon\u00bb background_position_phone=\u00bbbottom_left\u00bb border_color_top=\u00bb#ED1E25&#8243; box_shadow_style=\u00bbpreset5&#8243; box_shadow_vertical=\u00bb0px\u00bb box_shadow_blur=\u00bb6px\u00bb box_shadow_spread=\u00bb3px\u00bb collapsed=\u00bbon\u00bb global_colors_info=\u00bb{}\u00bb][et_pb_row column_structure=\u00bb1_4,1_4,1_4,1_4&#8243; _builder_version=\u00bb4.21.0&#8243; _module_preset=\u00bbdefault\u00bb global_colors_info=\u00bb{}\u00bb][et_pb_column type=\u00bb1_4&#8243; _builder_version=\u00bb4.21.0&#8243; _module_preset=\u00bbdefault\u00bb global_colors_info=\u00bb{}\u00bb][et_pb_number_counter title=\u00bbRECINTOS ADUANEROS\u00bb number=\u00bb4&#8243; percent_sign=\u00bboff\u00bb _builder_version=\u00bb4.21.0&#8243; _module_preset=\u00bbdefault\u00bb title_level=\u00bbh2&#8243; title_text_color=\u00bb#3f413f\u00bb number_font=\u00bbSaira Semi Condensed||||||||\u00bb number_text_color=\u00bb#3f413f\u00bb number_font_size=\u00bb60px\u00bb number_font_size_tablet=\u00bb60px\u00bb number_font_size_phone=\u00bb50px\u00bb number_font_size_last_edited=\u00bbon|phone\u00bb global_colors_info=\u00bb{}\u00bb][\/et_pb_number_counter][\/et_pb_column][et_pb_column type=\u00bb1_4&#8243; _builder_version=\u00bb4.21.0&#8243; _module_preset=\u00bbdefault\u00bb global_colors_info=\u00bb{}\u00bb][et_pb_number_counter title=\u00bbMETROS DE ALMAC\u00c9N\u00bb number=\u00bb7.000&#8243; percent_sign=\u00bboff\u00bb _builder_version=\u00bb4.21.0&#8243; _module_preset=\u00bbdefault\u00bb title_level=\u00bbh2&#8243; title_text_color=\u00bb#3f413f\u00bb number_font=\u00bbSaira Semi Condensed||||||||\u00bb number_text_color=\u00bb#3f413f\u00bb number_font_size=\u00bb60px\u00bb number_font_size_tablet=\u00bb60px\u00bb number_font_size_phone=\u00bb50px\u00bb number_font_size_last_edited=\u00bbon|phone\u00bb global_colors_info=\u00bb{}\u00bb][\/et_pb_number_counter][\/et_pb_column][et_pb_column type=\u00bb1_4&#8243; _builder_version=\u00bb4.21.0&#8243; _module_preset=\u00bbdefault\u00bb global_colors_info=\u00bb{}\u00bb][et_pb_number_counter title=\u00bbOPERACIONES DIARIAS\u00bb number=\u00bb40.000&#8243; percent_sign=\u00bboff\u00bb _builder_version=\u00bb4.22.1&#8243; _module_preset=\u00bbdefault\u00bb title_level=\u00bbh2&#8243; title_text_color=\u00bb#3f413f\u00bb number_font=\u00bbSaira Semi Condensed||||||||\u00bb number_text_color=\u00bb#3f413f\u00bb number_font_size=\u00bb60px\u00bb number_font_size_tablet=\u00bb60px\u00bb number_font_size_phone=\u00bb50px\u00bb number_font_size_last_edited=\u00bbon|phone\u00bb global_colors_info=\u00bb{}\u00bb][\/et_pb_number_counter][\/et_pb_column][et_pb_column type=\u00bb1_4&#8243; _builder_version=\u00bb4.21.0&#8243; _module_preset=\u00bbdefault\u00bb global_colors_info=\u00bb{}\u00bb][et_pb_number_counter title=\u00bbCLIENTES Y PARTNERS\u00bb number=\u00bb80&#8243; percent_sign=\u00bboff\u00bb _builder_version=\u00bb4.21.0&#8243; _module_preset=\u00bbdefault\u00bb title_level=\u00bbh2&#8243; title_text_color=\u00bb#3f413f\u00bb number_font=\u00bbSaira Semi Condensed||||||||\u00bb number_text_color=\u00bb#3f413f\u00bb number_font_size=\u00bb60px\u00bb number_font_size_tablet=\u00bb60px\u00bb number_font_size_phone=\u00bb50px\u00bb number_font_size_last_edited=\u00bbon|phone\u00bb global_colors_info=\u00bb{}\u00bb][\/et_pb_number_counter][\/et_pb_column][\/et_pb_row][et_pb_row _builder_version=\u00bb4.21.0&#8243; _module_preset=\u00bbdefault\u00bb global_colors_info=\u00bb{}\u00bb][et_pb_column type=\u00bb4_4&#8243; _builder_version=\u00bb4.21.0&#8243; _module_preset=\u00bbdefault\u00bb global_colors_info=\u00bb{}\u00bb][et_pb_divider show_divider=\u00bboff\u00bb _builder_version=\u00bb4.21.0&#8243; _module_preset=\u00bbdefault\u00bb height=\u00bb300px\u00bb height_tablet=\u00bb300px\u00bb height_phone=\u00bb80px\u00bb height_last_edited=\u00bbon|phone\u00bb global_colors_info=\u00bb{}\u00bb][\/et_pb_divider][\/et_pb_column][\/et_pb_row][\/et_pb_section][et_pb_section fb_built=\u00bb1&#8243; admin_label=\u00bbhistoria\u00bb module_id=\u00bbhistoria\u00bb _builder_version=\u00bb4.21.0&#8243; _module_preset=\u00bbdefault\u00bb background_image=\u00bbhttps:\/\/www.adycoaduanas.com\/aduanas\/wp-content\/uploads\/2023\/07\/Historia-scaled.jpg\u00bb background_size=\u00bbcustom\u00bb background_image_width=\u00bb60%\u00bb background_image_height=\u00bb60%\u00bb background_position=\u00bbbottom_left\u00bb background_blend=\u00bbmultiply\u00bb custom_margin=\u00bb||||false|false\u00bb custom_padding=\u00bb0px||0px||false|false\u00bb background_color_phone=\u00bb#efefef\u00bb background_last_edited=\u00bbon|phone\u00bb background_enable_color_phone=\u00bbon\u00bb background_enable_image_phone=\u00bboff\u00bb border_color_top=\u00bb#ED1E25&#8243; collapsed=\u00bbon\u00bb global_colors_info=\u00bb{}\u00bb][et_pb_row disabled_on=\u00bboff|off|on\u00bb _builder_version=\u00bb4.21.0&#8243; _module_preset=\u00bbdefault\u00bb background_color=\u00bb#FFFFFF\u00bb width=\u00bb100%\u00bb custom_margin=\u00bb0px||0px||true|false\u00bb collapsed=\u00bbon\u00bb global_colors_info=\u00bb{}\u00bb][et_pb_column type=\u00bb4_4&#8243; _builder_version=\u00bb4.21.0&#8243; _module_preset=\u00bbdefault\u00bb global_colors_info=\u00bb{}\u00bb][et_pb_text _builder_version=\u00bb4.21.0&#8243; _module_preset=\u00bbdefault\u00bb header_font=\u00bbSaira Semi Condensed|800||on|||||\u00bb header_text_align=\u00bbleft\u00bb header_text_color=\u00bb#ED1E25&#8243; header_font_size=\u00bb60px\u00bb header_letter_spacing=\u00bb5px\u00bb header_2_font=\u00bbSaira Semi Condensed|700||on|||||\u00bb header_2_text_color=\u00bb#ED1E25&#8243; header_2_font_size=\u00bb60px\u00bb header_2_letter_spacing=\u00bb5px\u00bb custom_padding=\u00bb6%||6%||true|false\u00bb animation_style=\u00bbslide\u00bb animation_direction=\u00bbtop\u00bb animation_intensity_slide=\u00bb15%\u00bb animation_speed_curve=\u00bbease\u00bb header_font_size_tablet=\u00bb50px\u00bb header_font_size_phone=\u00bb40px\u00bb header_font_size_last_edited=\u00bbon|phone\u00bb header_letter_spacing_tablet=\u00bb5px\u00bb header_letter_spacing_phone=\u00bb0px\u00bb header_letter_spacing_last_edited=\u00bbon|phone\u00bb header_2_font_size_tablet=\u00bb50px\u00bb header_2_font_size_phone=\u00bb40px\u00bb header_2_font_size_last_edited=\u00bbon|phone\u00bb header_2_letter_spacing_tablet=\u00bb5px\u00bb header_2_letter_spacing_phone=\u00bb0px\u00bb header_2_letter_spacing_last_edited=\u00bbon|tablet\u00bb global_colors_info=\u00bb{}\u00bb]<\/p>\n<h2 style=\"text-align: center;\">NUESTRA HISTORIA<\/h2>\n<p>[\/et_pb_text][\/et_pb_column][\/et_pb_row][et_pb_row column_structure=\u00bb1_2,1_2&#8243; use_custom_gutter=\u00bbon\u00bb gutter_width=\u00bb1&#8243; make_equal=\u00bbon\u00bb disabled_on=\u00bbon|on|off\u00bb _builder_version=\u00bb4.21.0&#8243; _module_preset=\u00bbdefault\u00bb z_index=\u00bb1&#8243; sticky_position=\u00bbtop\u00bb sticky_limit_bottom=\u00bbsection\u00bb sticky_offset_surrounding=\u00bboff\u00bb sticky_transition=\u00bboff\u00bb scroll_vertical_motion=\u00bb0|50|50|100|0|0|-4&#8243; motion_trigger_start=\u00bbtop\u00bb collapsed=\u00bbon\u00bb global_colors_info=\u00bb{}\u00bb][et_pb_column type=\u00bb1_2&#8243; _builder_version=\u00bb4.21.0&#8243; _module_preset=\u00bbdefault\u00bb global_colors_info=\u00bb{}\u00bb][et_pb_text _builder_version=\u00bb4.21.0&#8243; _module_preset=\u00bbdefault\u00bb header_font=\u00bbSaira Semi Condensed|800||on|||||\u00bb header_text_align=\u00bbleft\u00bb header_text_color=\u00bb#ED1E25&#8243; header_font_size=\u00bb60px\u00bb header_letter_spacing=\u00bb5px\u00bb header_2_font=\u00bbSaira Semi Condensed|700||on|||||\u00bb header_2_text_color=\u00bb#ED1E25&#8243; header_2_font_size=\u00bb60px\u00bb header_2_letter_spacing=\u00bb5px\u00bb custom_padding=\u00bb80px||80px||true|false\u00bb animation_style=\u00bbslide\u00bb animation_direction=\u00bbtop\u00bb animation_intensity_slide=\u00bb15%\u00bb animation_speed_curve=\u00bbease\u00bb header_font_size_tablet=\u00bb50px\u00bb header_font_size_phone=\u00bb40px\u00bb header_font_size_last_edited=\u00bbon|phone\u00bb header_letter_spacing_tablet=\u00bb5px\u00bb header_letter_spacing_phone=\u00bb0px\u00bb header_letter_spacing_last_edited=\u00bbon|phone\u00bb header_2_font_size_tablet=\u00bb50px\u00bb header_2_font_size_phone=\u00bb40px\u00bb header_2_font_size_last_edited=\u00bbon|tablet\u00bb global_colors_info=\u00bb{}\u00bb]<\/p>\n<h2>NUESTRA HISTORIA<\/h2>\n<p>[\/et_pb_text][\/et_pb_column][et_pb_column type=\u00bb1_2&#8243; _builder_version=\u00bb4.21.0&#8243; _module_preset=\u00bbdefault\u00bb border_color_left=\u00bb#ED1E25&#8243; global_colors_info=\u00bb{}\u00bb][\/et_pb_column][\/et_pb_row][et_pb_row use_custom_gutter=\u00bbon\u00bb gutter_width=\u00bb1&#8243; _builder_version=\u00bb4.21.0&#8243; _module_preset=\u00bbdefault\u00bb background_color=\u00bbrgba(242,242,242,0.4)\u00bb background_enable_image=\u00bboff\u00bb position_origin_a=\u00bbtop_center\u00bb z_index=\u00bb1&#8243; width=\u00bb100%\u00bb max_width=\u00bb50%\u00bb max_width_tablet=\u00bb50%\u00bb max_width_phone=\u00bb90%\u00bb max_width_last_edited=\u00bbon|tablet\u00bb module_alignment=\u00bbright\u00bb custom_margin=\u00bb||||false|false\u00bb custom_padding=\u00bb200px||||false|false\u00bb background_color_phone=\u00bb#FFFFFF\u00bb background_last_edited=\u00bbon|phone\u00bb background_enable_color_phone=\u00bbon\u00bb background_image_phone=\u00bbhttps:\/\/www.adycoaduanas.com\/aduanas\/wp-content\/uploads\/2023\/07\/Historia-scaled.jpg\u00bb background_enable_image_phone=\u00bbon\u00bb background_blend_phone=\u00bbmultiply\u00bb border_color_right=\u00bb#ED1E25&#8243; border_width_left=\u00bb2px\u00bb border_color_left=\u00bb#c0090d\u00bb box_shadow_style=\u00bbpreset5&#8243; box_shadow_horizontal=\u00bb-2px\u00bb box_shadow_vertical=\u00bb0px\u00bb box_shadow_spread=\u00bb0px\u00bb box_shadow_color=\u00bb#c0090d\u00bb collapsed=\u00bboff\u00bb global_colors_info=\u00bb{}\u00bb][et_pb_column type=\u00bb4_4&#8243; _builder_version=\u00bb4.21.0&#8243; _module_preset=\u00bbdefault\u00bb global_colors_info=\u00bb{}\u00bb][et_pb_blurb title=\u00bbMARZO 2006&#8243; use_icon=\u00bbon\u00bb font_icon=\u00bb&#x5a;||divi||400&#8243; icon_color=\u00bb#FFFFFF\u00bb image_icon_background_color=\u00bb#c0090d\u00bb icon_placement=\u00bbleft\u00bb image_icon_width=\u00bb40px\u00bb content_max_width=\u00bb100%\u00bb admin_label=\u00bbTexto 1&#8243; _builder_version=\u00bb4.21.0&#8243; header_level=\u00bbh5&#8243; header_font=\u00bbSaira Semi Condensed|700||on|||||\u00bb header_text_color=\u00bb#ED1E25&#8243; header_line_height=\u00bb1.4em\u00bb body_font=\u00bbMontserrat||||||||\u00bb body_text_color=\u00bb#272222&#8243; body_font_size=\u00bb20px\u00bb body_line_height=\u00bb1.5em\u00bb body_ul_type=\u00bbnone\u00bb body_ul_position=\u00bbinside\u00bb body_ul_item_indent=\u00bb1px\u00bb body_ul_font=\u00bbOpen Sans|600|||||||\u00bb body_ul_text_color=\u00bb#666766&#8243; body_ul_font_size=\u00bb16px\u00bb body_ul_line_height=\u00bb1.8em\u00bb image_icon_custom_margin=\u00bb|||20px|false|false\u00bb image_icon_custom_padding=\u00bb||||false|false\u00bb z_index=\u00bb1&#8243; max_width=\u00bb50%\u00bb max_width_tablet=\u00bb90%\u00bb max_width_phone=\u00bb100%\u00bb max_width_last_edited=\u00bbon|phone\u00bb height=\u00bb300px\u00bb custom_margin=\u00bb|||-52px|false|false\u00bb animation=\u00bboff\u00bb scroll_blur=\u00bb0|40|90|100|0px|0px|2px\u00bb motion_trigger_start=\u00bbtop\u00bb header_font_size_tablet=\u00bb\u00bb header_font_size_phone=\u00bb\u00bb header_font_size_last_edited=\u00bbon|phone\u00bb body_font_size_tablet=\u00bb18px\u00bb body_font_size_phone=\u00bb14px\u00bb body_font_size_last_edited=\u00bbon|desktop\u00bb body_ul_font_size_tablet=\u00bb14px\u00bb body_ul_font_size_phone=\u00bb12px\u00bb body_ul_font_size_last_edited=\u00bbon|desktop\u00bb border_radii_image=\u00bbon|100%|100%|100%|100%\u00bb border_width_all_image=\u00bb10px\u00bb border_color_all_image=\u00bb#c0090d\u00bb icon_font_size=\u00bb40px\u00bb locked=\u00bboff\u00bb global_colors_info=\u00bb{}\u00bb]<\/p>\n<p>FUNDACI\u00d3N<\/p>\n<ul>\n<li>Adolfo Iglesias Gonz\u00e1lez, funda Adyco Aduanas, dedicada a despachos courier Pen\u00ednsula-Canarias, con sede en el Centro de Carga A\u00e9rea de Madrid Barajas.<\/li>\n<\/ul>\n<p>[\/et_pb_blurb][et_pb_divider show_divider=\u00bboff\u00bb admin_label=\u00bbCorredor 1&#8243; _builder_version=\u00bb4.21.0&#8243; _module_preset=\u00bbdefault\u00bb background_color=\u00bb#666766&#8243; positioning=\u00bbabsolute\u00bb horizontal_offset=\u00bb-27px\u00bb width=\u00bb50px\u00bb height=\u00bb50px\u00bb scroll_vertical_motion_enable=\u00bbon\u00bb scroll_vertical_motion=\u00bb0|50|50|75|-2|0|3&#8243; scroll_scaling_enable=\u00bbon\u00bb scroll_scaling=\u00bb50|55|70|75|50%|50%|90%\u00bb motion_trigger_start=\u00bbtop\u00bb border_radii=\u00bbon|50%|50%|50%|50%\u00bb global_colors_info=\u00bb{}\u00bb][\/et_pb_divider][et_pb_divider show_divider=\u00bboff\u00bb admin_label=\u00bbPulso 1&#8243; _builder_version=\u00bb4.21.0&#8243; _module_preset=\u00bbdefault\u00bb background_color=\u00bb#666766&#8243; positioning=\u00bbabsolute\u00bb vertical_offset=\u00bb5px\u00bb horizontal_offset=\u00bb-27px\u00bb width=\u00bb50px\u00bb height=\u00bb50px\u00bb scroll_vertical_motion=\u00bb0|50|50|75|0|0|3&#8243; scroll_scaling_enable=\u00bbon\u00bb scroll_scaling=\u00bb50|51|54|55|100%|160%|130%\u00bb motion_trigger_start=\u00bbtop\u00bb border_radii=\u00bbon|50%|50%|50%|50%\u00bb global_colors_info=\u00bb{}\u00bb][\/et_pb_divider][et_pb_blurb title=\u00bbFEBRERO 2007&#8243; use_icon=\u00bbon\u00bb font_icon=\u00bb&#x5a;||divi||400&#8243; icon_color=\u00bb#FFFFFF\u00bb image_icon_background_color=\u00bb#c0090d\u00bb icon_placement=\u00bbleft\u00bb image_icon_width=\u00bb40px\u00bb content_max_width=\u00bb100%\u00bb admin_label=\u00bbTexto 2&#8243; _builder_version=\u00bb4.21.0&#8243; header_level=\u00bbh5&#8243; header_font=\u00bbSaira Semi Condensed|700||on|||||\u00bb header_text_color=\u00bb#ED1E25&#8243; header_line_height=\u00bb1.4em\u00bb body_font=\u00bbMontserrat||||||||\u00bb body_text_color=\u00bb#272222&#8243; body_font_size=\u00bb20px\u00bb body_line_height=\u00bb1.5em\u00bb body_ul_type=\u00bbnone\u00bb body_ul_position=\u00bbinside\u00bb body_ul_item_indent=\u00bb1px\u00bb body_ul_font=\u00bbOpen Sans|600|||||||\u00bb body_ul_text_color=\u00bb#666766&#8243; body_ul_font_size=\u00bb16px\u00bb body_ul_line_height=\u00bb1.8em\u00bb image_icon_custom_margin=\u00bb|||20px|false|false\u00bb image_icon_custom_padding=\u00bb||||false|false\u00bb transform_scale_tablet=\u00bb\u00bb transform_scale_phone=\u00bb\u00bb transform_scale_last_edited=\u00bbon|desktop\u00bb transform_scale_linked=\u00bboff\u00bb transform_translate_tablet=\u00bb\u00bb transform_translate_phone=\u00bb0px|0px\u00bb transform_translate_last_edited=\u00bbon|desktop\u00bb transform_translate_linked=\u00bboff\u00bb transform_rotate_tablet=\u00bb\u00bb transform_rotate_phone=\u00bb\u00bb transform_rotate_last_edited=\u00bbon|desktop\u00bb transform_skew_tablet=\u00bb\u00bb transform_skew_phone=\u00bb\u00bb transform_skew_last_edited=\u00bbon|desktop\u00bb transform_origin_tablet=\u00bb\u00bb transform_origin_phone=\u00bb\u00bb transform_origin_last_edited=\u00bbon|desktop\u00bb transform_styles_last_edited=\u00bbon|desktop\u00bb z_index=\u00bb1&#8243; max_width=\u00bb50%\u00bb max_width_tablet=\u00bb90%\u00bb max_width_phone=\u00bb100%\u00bb max_width_last_edited=\u00bbon|phone\u00bb height=\u00bb300px\u00bb custom_margin=\u00bb|||-52px|false|false\u00bb animation=\u00bboff\u00bb scroll_blur=\u00bb0|40|90|100|10px|0px|2px\u00bb header_font_size_tablet=\u00bb\u00bb header_font_size_phone=\u00bb\u00bb header_font_size_last_edited=\u00bbon|phone\u00bb body_font_size_tablet=\u00bb18px\u00bb body_font_size_phone=\u00bb14px\u00bb body_font_size_last_edited=\u00bbon|desktop\u00bb body_ul_font_size_tablet=\u00bb14px\u00bb body_ul_font_size_phone=\u00bb12px\u00bb body_ul_font_size_last_edited=\u00bbon|desktop\u00bb transform_styles_tablet=\u00bb\u00bb transform_styles_phone=\u00bb\u00bb text_orientation_tablet=\u00bbleft\u00bb text_orientation_phone=\u00bbleft\u00bb text_orientation_last_edited=\u00bbon|desktop\u00bb custom_css_blurb_content=\u00bb||\u00bb border_radii_image=\u00bbon|100%|100%|100%|100%\u00bb border_width_all_image=\u00bb10px\u00bb border_color_all_image=\u00bb#c0090d\u00bb icon_font_size=\u00bb40px\u00bb locked=\u00bboff\u00bb global_colors_info=\u00bb{}\u00bb custom_css_main_element_last_edited=\u00bbon|desktop\u00bb custom_css_main_element_phone=\u00bb||\u00bb custom_css_blurb_image_last_edited=\u00bbon|phone\u00bb custom_css_blurb_image_phone=\u00bb||\u00bb]<\/p>\n<p>INICIO OPERACIONES A CANARIAS<\/p>\n<ul>\n<li>Comienzan las operaciones de transporte de mercanc\u00eda por v\u00eda a\u00e9rea y mar\u00edtima entre la pen\u00ednsula y las islas.<\/li>\n<\/ul>\n<p>[\/et_pb_blurb][et_pb_divider show_divider=\u00bboff\u00bb admin_label=\u00bbCorredor 2&#8243; _builder_version=\u00bb4.21.0&#8243; _module_preset=\u00bbdefault\u00bb background_color=\u00bb#666766&#8243; positioning=\u00bbabsolute\u00bb vertical_offset=\u00bb300px\u00bb horizontal_offset=\u00bb-27px\u00bb width=\u00bb50px\u00bb height=\u00bb50px\u00bb scroll_vertical_motion_enable=\u00bbon\u00bb scroll_vertical_motion=\u00bb0|50|50|75|0|0|3&#8243; scroll_scaling_enable=\u00bbon\u00bb scroll_scaling=\u00bb50|55|70|75|100%|50%|90%\u00bb motion_trigger_start=\u00bbtop\u00bb border_radii=\u00bbon|50%|50%|50%|50%\u00bb global_colors_info=\u00bb{}\u00bb][\/et_pb_divider][et_pb_divider show_divider=\u00bboff\u00bb admin_label=\u00bbPulso 2&#8243; _builder_version=\u00bb4.21.0&#8243; _module_preset=\u00bbdefault\u00bb background_color=\u00bb#666766&#8243; positioning=\u00bbabsolute\u00bb vertical_offset=\u00bb305px\u00bb horizontal_offset=\u00bb-27px\u00bb width=\u00bb50px\u00bb height=\u00bb50px\u00bb scroll_vertical_motion=\u00bb0|50|50|75|0|0|3&#8243; scroll_scaling_enable=\u00bbon\u00bb scroll_scaling=\u00bb50|51|54|55|100%|160%|130%\u00bb motion_trigger_start=\u00bbtop\u00bb border_radii=\u00bbon|50%|50%|50%|50%\u00bb global_colors_info=\u00bb{}\u00bb][\/et_pb_divider][et_pb_blurb title=\u00bbABRIL 2015&#8243; use_icon=\u00bbon\u00bb font_icon=\u00bb&#x5a;||divi||400&#8243; icon_color=\u00bb#FFFFFF\u00bb image_icon_background_color=\u00bb#c0090d\u00bb icon_placement=\u00bbleft\u00bb image_icon_width=\u00bb40px\u00bb content_max_width=\u00bb100%\u00bb admin_label=\u00bbTexto 3&#8243; _builder_version=\u00bb4.21.0&#8243; header_level=\u00bbh5&#8243; header_font=\u00bbSaira Semi Condensed|700||on|||||\u00bb header_text_color=\u00bb#ED1E25&#8243; header_line_height=\u00bb1.4em\u00bb body_font=\u00bbMontserrat||||||||\u00bb body_text_color=\u00bb#272222&#8243; body_font_size=\u00bb20px\u00bb body_line_height=\u00bb1.5em\u00bb body_ul_type=\u00bbnone\u00bb body_ul_position=\u00bbinside\u00bb body_ul_item_indent=\u00bb1px\u00bb body_ul_font=\u00bbOpen Sans|600|||||||\u00bb body_ul_text_color=\u00bb#666766&#8243; body_ul_font_size=\u00bb16px\u00bb body_ul_line_height=\u00bb1.8em\u00bb image_icon_custom_margin=\u00bb|||20px|false|false\u00bb image_icon_custom_padding=\u00bb||||false|false\u00bb z_index=\u00bb1&#8243; max_width=\u00bb50%\u00bb max_width_tablet=\u00bb90%\u00bb max_width_phone=\u00bb100%\u00bb max_width_last_edited=\u00bbon|phone\u00bb height=\u00bb300px\u00bb custom_margin=\u00bb|||-52px|false|false\u00bb animation=\u00bboff\u00bb scroll_blur=\u00bb0|40|90|100|10px|0px|2px\u00bb header_font_size_tablet=\u00bb\u00bb header_font_size_phone=\u00bb\u00bb header_font_size_last_edited=\u00bbon|phone\u00bb body_font_size_tablet=\u00bb18px\u00bb body_font_size_phone=\u00bb14px\u00bb body_font_size_last_edited=\u00bbon|desktop\u00bb body_ul_font_size_tablet=\u00bb14px\u00bb body_ul_font_size_phone=\u00bb12px\u00bb body_ul_font_size_last_edited=\u00bbon|desktop\u00bb border_radii_image=\u00bbon|100%|100%|100%|100%\u00bb border_width_all_image=\u00bb10px\u00bb border_color_all_image=\u00bb#c0090d\u00bb icon_font_size=\u00bb40px\u00bb locked=\u00bboff\u00bb global_colors_info=\u00bb{}\u00bb]<\/p>\n<p>CAMBIO DE SEDE<\/p>\n<ul>\n<li>Debido al incremento de las operaciones la sede central se traslada al edificio Eisenhower, con m\u00e1s metros de oficina y aumento de personal.<\/li>\n<\/ul>\n<p>[\/et_pb_blurb][et_pb_divider show_divider=\u00bboff\u00bb admin_label=\u00bbCorredor 3&#8243; _builder_version=\u00bb4.21.0&#8243; _module_preset=\u00bbdefault\u00bb background_color=\u00bb#666766&#8243; positioning=\u00bbabsolute\u00bb vertical_offset=\u00bb600px\u00bb horizontal_offset=\u00bb-27px\u00bb width=\u00bb50px\u00bb height=\u00bb50px\u00bb scroll_vertical_motion_enable=\u00bbon\u00bb scroll_vertical_motion=\u00bb0|50|50|75|0|0|3&#8243; scroll_scaling_enable=\u00bbon\u00bb scroll_scaling=\u00bb50|55|70|75|100%|50%|90%\u00bb motion_trigger_start=\u00bbtop\u00bb border_radii=\u00bbon|50%|50%|50%|50%\u00bb global_colors_info=\u00bb{}\u00bb][\/et_pb_divider][et_pb_divider show_divider=\u00bboff\u00bb admin_label=\u00bbPulso 3&#8243; _builder_version=\u00bb4.21.0&#8243; _module_preset=\u00bbdefault\u00bb background_color=\u00bb#666766&#8243; positioning=\u00bbabsolute\u00bb vertical_offset=\u00bb605px\u00bb horizontal_offset=\u00bb-27px\u00bb width=\u00bb50px\u00bb height=\u00bb50px\u00bb scroll_vertical_motion=\u00bb0|50|50|75|0|0|3&#8243; scroll_scaling_enable=\u00bbon\u00bb scroll_scaling=\u00bb50|51|54|55|100%|160%|130%\u00bb motion_trigger_start=\u00bbtop\u00bb border_radii=\u00bbon|50%|50%|50%|50%\u00bb global_colors_info=\u00bb{}\u00bb][\/et_pb_divider][et_pb_blurb title=\u00bbENERO 2017&#8243; use_icon=\u00bbon\u00bb font_icon=\u00bb&#x5a;||divi||400&#8243; icon_color=\u00bb#FFFFFF\u00bb image_icon_background_color=\u00bb#c0090d\u00bb icon_placement=\u00bbleft\u00bb image_icon_width=\u00bb40px\u00bb content_max_width=\u00bb100%\u00bb admin_label=\u00bbTexto 4&#8243; _builder_version=\u00bb4.21.0&#8243; header_level=\u00bbh5&#8243; header_font=\u00bbSaira Semi Condensed|700||on|||||\u00bb header_text_color=\u00bb#ED1E25&#8243; header_line_height=\u00bb1.4em\u00bb body_font=\u00bbMontserrat||||||||\u00bb body_text_color=\u00bb#272222&#8243; body_font_size=\u00bb20px\u00bb body_line_height=\u00bb1.5em\u00bb body_ul_type=\u00bbnone\u00bb body_ul_position=\u00bbinside\u00bb body_ul_item_indent=\u00bb1px\u00bb body_ul_font=\u00bbOpen Sans|600|||||||\u00bb body_ul_text_color=\u00bb#666766&#8243; body_ul_font_size=\u00bb16px\u00bb body_ul_line_height=\u00bb1.8em\u00bb image_icon_custom_margin=\u00bb|||20px|false|false\u00bb image_icon_custom_padding=\u00bb||||false|false\u00bb z_index=\u00bb1&#8243; max_width=\u00bb50%\u00bb max_width_tablet=\u00bb90%\u00bb max_width_phone=\u00bb100%\u00bb max_width_last_edited=\u00bbon|phone\u00bb height=\u00bb300px\u00bb custom_margin=\u00bb|||-52px|false|false\u00bb animation=\u00bboff\u00bb scroll_blur=\u00bb0|40|90|100|10px|0px|2px\u00bb header_font_size_tablet=\u00bb\u00bb header_font_size_phone=\u00bb\u00bb header_font_size_last_edited=\u00bbon|phone\u00bb body_font_size_tablet=\u00bb18px\u00bb body_font_size_phone=\u00bb14px\u00bb body_font_size_last_edited=\u00bbon|desktop\u00bb body_ul_font_size_tablet=\u00bb14px\u00bb body_ul_font_size_phone=\u00bb12px\u00bb body_ul_font_size_last_edited=\u00bbon|desktop\u00bb border_radii_image=\u00bbon|100%|100%|100%|100%\u00bb border_width_all_image=\u00bb10px\u00bb border_color_all_image=\u00bb#c0090d\u00bb icon_font_size=\u00bb40px\u00bb locked=\u00bboff\u00bb global_colors_info=\u00bb{}\u00bb]<\/p>\n<p>NOMBRAMIENTOS<\/p>\n<ul>\n<li>Se producen cambios en la direcci\u00f3n. Adolfo Iglesias Barquilla es nombrado Director de Operaciones y Laura Iglesias Barquilla se convierte en Directora de Administraci\u00f3n.<\/li>\n<\/ul>\n<p>[\/et_pb_blurb][et_pb_divider show_divider=\u00bboff\u00bb admin_label=\u00bbCorredor 4&#8243; _builder_version=\u00bb4.21.0&#8243; _module_preset=\u00bbdefault\u00bb background_color=\u00bb#666766&#8243; positioning=\u00bbabsolute\u00bb vertical_offset=\u00bb900px\u00bb horizontal_offset=\u00bb-27px\u00bb width=\u00bb50px\u00bb height=\u00bb50px\u00bb scroll_vertical_motion_enable=\u00bbon\u00bb scroll_vertical_motion=\u00bb0|50|50|75|0|0|3&#8243; scroll_scaling_enable=\u00bbon\u00bb scroll_scaling=\u00bb50|55|70|75|100%|50%|90%\u00bb motion_trigger_start=\u00bbtop\u00bb border_radii=\u00bbon|50%|50%|50%|50%\u00bb global_colors_info=\u00bb{}\u00bb][\/et_pb_divider][et_pb_divider show_divider=\u00bboff\u00bb admin_label=\u00bbPulso 4&#8243; _builder_version=\u00bb4.21.0&#8243; _module_preset=\u00bbdefault\u00bb background_color=\u00bb#666766&#8243; positioning=\u00bbabsolute\u00bb vertical_offset=\u00bb905px\u00bb horizontal_offset=\u00bb-27px\u00bb width=\u00bb50px\u00bb height=\u00bb50px\u00bb scroll_vertical_motion=\u00bb0|50|50|75|0|0|3&#8243; scroll_scaling_enable=\u00bbon\u00bb scroll_scaling=\u00bb50|51|54|55|100%|160%|130%\u00bb motion_trigger_start=\u00bbtop\u00bb border_radii=\u00bbon|50%|50%|50%|50%\u00bb global_colors_info=\u00bb{}\u00bb][\/et_pb_divider][et_pb_blurb title=\u00bbMARZO 2017&#8243; use_icon=\u00bbon\u00bb font_icon=\u00bb&#x5a;||divi||400&#8243; icon_color=\u00bb#FFFFFF\u00bb image_icon_background_color=\u00bb#c0090d\u00bb icon_placement=\u00bbleft\u00bb image_icon_width=\u00bb40px\u00bb content_max_width=\u00bb100%\u00bb admin_label=\u00bbTexto 5&#8243; _builder_version=\u00bb4.22.1&#8243; header_level=\u00bbh5&#8243; header_font=\u00bbSaira Semi Condensed|700||on|||||\u00bb header_text_color=\u00bb#ED1E25&#8243; header_line_height=\u00bb1.4em\u00bb body_font=\u00bbMontserrat||||||||\u00bb body_text_color=\u00bb#272222&#8243; body_font_size=\u00bb20px\u00bb body_line_height=\u00bb1.5em\u00bb body_ul_type=\u00bbnone\u00bb body_ul_position=\u00bbinside\u00bb body_ul_item_indent=\u00bb1px\u00bb body_ul_font=\u00bbOpen Sans|600|||||||\u00bb body_ul_text_color=\u00bb#666766&#8243; body_ul_font_size=\u00bb16px\u00bb body_ul_line_height=\u00bb1.8em\u00bb image_icon_custom_margin=\u00bb|||20px|false|false\u00bb image_icon_custom_padding=\u00bb||||false|false\u00bb z_index=\u00bb1&#8243; max_width=\u00bb50%\u00bb max_width_tablet=\u00bb90%\u00bb max_width_phone=\u00bb100%\u00bb max_width_last_edited=\u00bbon|phone\u00bb height=\u00bb300px\u00bb custom_margin=\u00bb|||-52px|false|false\u00bb animation=\u00bboff\u00bb scroll_blur=\u00bb0|40|80|100|10px|0px|5px\u00bb header_font_size_tablet=\u00bb\u00bb header_font_size_phone=\u00bb\u00bb header_font_size_last_edited=\u00bbon|phone\u00bb body_font_size_tablet=\u00bb18px\u00bb body_font_size_phone=\u00bb14px\u00bb body_font_size_last_edited=\u00bbon|desktop\u00bb body_ul_font_size_tablet=\u00bb14px\u00bb body_ul_font_size_phone=\u00bb12px\u00bb body_ul_font_size_last_edited=\u00bbon|desktop\u00bb border_radii_image=\u00bbon|100%|100%|100%|100%\u00bb border_width_all_image=\u00bb10px\u00bb border_color_all_image=\u00bb#c0090d\u00bb icon_font_size=\u00bb40px\u00bb locked=\u00bboff\u00bb global_colors_info=\u00bb{}\u00bb]<\/p>\n<p>APERTURA NAVE DE COSLADA<\/p>\n<ul>\n<li>Se inaugura la nave de Coslada con muelles de carga y personal propio para atender el incremento de negocio.<\/li>\n<\/ul>\n<p>[\/et_pb_blurb][et_pb_divider show_divider=\u00bboff\u00bb admin_label=\u00bbCorredor 5&#8243; _builder_version=\u00bb4.21.0&#8243; _module_preset=\u00bbdefault\u00bb background_color=\u00bb#666766&#8243; positioning=\u00bbabsolute\u00bb vertical_offset=\u00bb1200px\u00bb horizontal_offset=\u00bb-27px\u00bb width=\u00bb50px\u00bb height=\u00bb50px\u00bb scroll_vertical_motion_enable=\u00bbon\u00bb scroll_vertical_motion=\u00bb0|50|50|75|0|0|3&#8243; scroll_scaling_enable=\u00bbon\u00bb scroll_scaling=\u00bb50|55|70|75|100%|50%|90%\u00bb motion_trigger_start=\u00bbtop\u00bb border_radii=\u00bbon|50%|50%|50%|50%\u00bb global_colors_info=\u00bb{}\u00bb][\/et_pb_divider][et_pb_divider show_divider=\u00bboff\u00bb admin_label=\u00bbPulso 5&#8243; _builder_version=\u00bb4.21.0&#8243; _module_preset=\u00bbdefault\u00bb background_color=\u00bb#666766&#8243; positioning=\u00bbabsolute\u00bb vertical_offset=\u00bb1205px\u00bb horizontal_offset=\u00bb-27px\u00bb width=\u00bb50px\u00bb height=\u00bb50px\u00bb scroll_vertical_motion=\u00bb0|50|50|75|0|0|3&#8243; scroll_scaling_enable=\u00bbon\u00bb scroll_scaling=\u00bb50|51|54|55|100%|160%|130%\u00bb motion_trigger_start=\u00bbtop\u00bb border_radii=\u00bbon|50%|50%|50%|50%\u00bb global_colors_info=\u00bb{}\u00bb][\/et_pb_divider][et_pb_blurb title=\u00bbFEBRERO 2019&#8243; use_icon=\u00bbon\u00bb font_icon=\u00bb&#x5a;||divi||400&#8243; icon_color=\u00bb#FFFFFF\u00bb image_icon_background_color=\u00bb#c0090d\u00bb icon_placement=\u00bbleft\u00bb image_icon_width=\u00bb40px\u00bb content_max_width=\u00bb100%\u00bb admin_label=\u00bbTexto 6&#8243; _builder_version=\u00bb4.22.1&#8243; header_level=\u00bbh5&#8243; header_font=\u00bbSaira Semi Condensed|700||on|||||\u00bb header_text_color=\u00bb#ED1E25&#8243; header_line_height=\u00bb1.4em\u00bb body_font=\u00bbMontserrat||||||||\u00bb body_text_color=\u00bb#272222&#8243; body_font_size=\u00bb20px\u00bb body_line_height=\u00bb1.5em\u00bb body_ul_type=\u00bbnone\u00bb body_ul_position=\u00bbinside\u00bb body_ul_item_indent=\u00bb1px\u00bb body_ul_font=\u00bbOpen Sans|600|||||||\u00bb body_ul_text_color=\u00bb#666766&#8243; body_ul_font_size=\u00bb16px\u00bb body_ul_line_height=\u00bb1.8em\u00bb image_icon_custom_margin=\u00bb|||20px|false|false\u00bb image_icon_custom_padding=\u00bb||||false|false\u00bb z_index=\u00bb1&#8243; max_width=\u00bb50%\u00bb max_width_tablet=\u00bb90%\u00bb max_width_phone=\u00bb100%\u00bb max_width_last_edited=\u00bbon|phone\u00bb height=\u00bb300px\u00bb custom_margin=\u00bb|||-52px|false|false\u00bb animation=\u00bboff\u00bb scroll_blur=\u00bb0|40|80|100|10px|0px|5px\u00bb header_font_size_tablet=\u00bb\u00bb header_font_size_phone=\u00bb\u00bb header_font_size_last_edited=\u00bbon|phone\u00bb body_font_size_tablet=\u00bb18px\u00bb body_font_size_phone=\u00bb14px\u00bb body_font_size_last_edited=\u00bbon|desktop\u00bb body_ul_font_size_tablet=\u00bb14px\u00bb body_ul_font_size_phone=\u00bb12px\u00bb body_ul_font_size_last_edited=\u00bbon|desktop\u00bb border_radii_image=\u00bbon|100%|100%|100%|100%\u00bb border_width_all_image=\u00bb10px\u00bb border_color_all_image=\u00bb#c0090d\u00bb icon_font_size=\u00bb40px\u00bb locked=\u00bboff\u00bb global_colors_info=\u00bb{}\u00bb]<\/p>\n<p>AMPLIACI\u00d3N NAVE COSLADA<\/p>\n<ul>\n<li>Debido al incremento de negocio, se amplia la capacidad de almac\u00e9n alquilando la nave contigua, duplicando los metros de almac\u00e9n y el n\u00famero de muelles.<\/li>\n<\/ul>\n<p>[\/et_pb_blurb][et_pb_divider show_divider=\u00bboff\u00bb admin_label=\u00bbCorredor 6&#8243; _builder_version=\u00bb4.21.0&#8243; _module_preset=\u00bbdefault\u00bb background_color=\u00bb#666766&#8243; positioning=\u00bbabsolute\u00bb vertical_offset=\u00bb1500px\u00bb horizontal_offset=\u00bb-27px\u00bb width=\u00bb50px\u00bb height=\u00bb50px\u00bb scroll_vertical_motion_enable=\u00bbon\u00bb scroll_vertical_motion=\u00bb0|50|50|75|0|0|3&#8243; scroll_scaling_enable=\u00bbon\u00bb scroll_scaling=\u00bb50|55|70|75|100%|50%|90%\u00bb motion_trigger_start=\u00bbtop\u00bb border_radii=\u00bbon|50%|50%|50%|50%\u00bb global_colors_info=\u00bb{}\u00bb][\/et_pb_divider][et_pb_divider show_divider=\u00bboff\u00bb admin_label=\u00bbPulso 6&#8243; _builder_version=\u00bb4.21.0&#8243; _module_preset=\u00bbdefault\u00bb background_color=\u00bb#666766&#8243; positioning=\u00bbabsolute\u00bb vertical_offset=\u00bb1505px\u00bb horizontal_offset=\u00bb-27px\u00bb width=\u00bb50px\u00bb height=\u00bb50px\u00bb scroll_vertical_motion=\u00bb0|50|50|75|0|0|3&#8243; scroll_scaling_enable=\u00bbon\u00bb scroll_scaling=\u00bb50|51|54|55|100%|160%|130%\u00bb motion_trigger_start=\u00bbtop\u00bb border_radii=\u00bbon|50%|50%|50%|50%\u00bb global_colors_info=\u00bb{}\u00bb][\/et_pb_divider][et_pb_blurb title=\u00bbMARZO 2019&#8243; use_icon=\u00bbon\u00bb font_icon=\u00bb&#x5a;||divi||400&#8243; icon_color=\u00bb#FFFFFF\u00bb image_icon_background_color=\u00bb#c0090d\u00bb icon_placement=\u00bbleft\u00bb image_icon_width=\u00bb40px\u00bb content_max_width=\u00bb100%\u00bb admin_label=\u00bbTexto 7&#8243; _builder_version=\u00bb4.21.0&#8243; header_level=\u00bbh5&#8243; header_font=\u00bbSaira Semi Condensed|700||on|||||\u00bb header_text_color=\u00bb#ED1E25&#8243; header_line_height=\u00bb1.4em\u00bb body_font=\u00bbMontserrat||||||||\u00bb body_text_color=\u00bb#272222&#8243; body_font_size=\u00bb20px\u00bb body_line_height=\u00bb1.5em\u00bb body_ul_type=\u00bbnone\u00bb body_ul_position=\u00bbinside\u00bb body_ul_item_indent=\u00bb1px\u00bb body_ul_font=\u00bbOpen Sans|600|||||||\u00bb body_ul_text_color=\u00bb#666766&#8243; body_ul_font_size=\u00bb16px\u00bb body_ul_line_height=\u00bb1.8em\u00bb image_icon_custom_margin=\u00bb|||20px|false|false\u00bb image_icon_custom_padding=\u00bb||||false|false\u00bb z_index=\u00bb1&#8243; max_width=\u00bb50%\u00bb max_width_tablet=\u00bb90%\u00bb max_width_phone=\u00bb100%\u00bb max_width_last_edited=\u00bbon|phone\u00bb height=\u00bb300px\u00bb custom_margin=\u00bb|||-52px|false|false\u00bb animation=\u00bboff\u00bb scroll_blur=\u00bb0|40|80|100|10px|0px|5px\u00bb header_font_size_tablet=\u00bb\u00bb header_font_size_phone=\u00bb\u00bb header_font_size_last_edited=\u00bbon|phone\u00bb body_font_size_tablet=\u00bb18px\u00bb body_font_size_phone=\u00bb14px\u00bb body_font_size_last_edited=\u00bbon|desktop\u00bb body_ul_font_size_tablet=\u00bb14px\u00bb body_ul_font_size_phone=\u00bb12px\u00bb body_ul_font_size_last_edited=\u00bbon|desktop\u00bb border_radii_image=\u00bbon|100%|100%|100%|100%\u00bb border_width_all_image=\u00bb10px\u00bb border_color_all_image=\u00bb#c0090d\u00bb icon_font_size=\u00bb40px\u00bb locked=\u00bboff\u00bb global_colors_info=\u00bb{}\u00bb]APERTURA NAVE TENERIFE<\/p>\n<ul>\n<li>El \u00e9xito en las operaciones a las islas, propicia la apertura de la primera sede de Adyco en Canarias. Una nave con ADT y personal propio.<\/li>\n<\/ul>\n<p>[\/et_pb_blurb][et_pb_divider show_divider=\u00bboff\u00bb admin_label=\u00bbCorredor 7&#8243; _builder_version=\u00bb4.21.0&#8243; _module_preset=\u00bbdefault\u00bb background_color=\u00bb#666766&#8243; positioning=\u00bbabsolute\u00bb vertical_offset=\u00bb1800px\u00bb horizontal_offset=\u00bb-27px\u00bb width=\u00bb50px\u00bb height=\u00bb50px\u00bb scroll_vertical_motion_enable=\u00bbon\u00bb scroll_vertical_motion=\u00bb0|50|50|75|0|0|3&#8243; scroll_scaling_enable=\u00bbon\u00bb scroll_scaling=\u00bb50|55|70|75|100%|50%|90%\u00bb motion_trigger_start=\u00bbtop\u00bb border_radii=\u00bbon|50%|50%|50%|50%\u00bb global_colors_info=\u00bb{}\u00bb][\/et_pb_divider][et_pb_divider show_divider=\u00bboff\u00bb admin_label=\u00bbPulso 7&#8243; _builder_version=\u00bb4.21.0&#8243; _module_preset=\u00bbdefault\u00bb background_color=\u00bb#666766&#8243; positioning=\u00bbabsolute\u00bb vertical_offset=\u00bb1805px\u00bb horizontal_offset=\u00bb-27px\u00bb width=\u00bb50px\u00bb height=\u00bb50px\u00bb scroll_vertical_motion=\u00bb0|50|50|75|0|0|3&#8243; scroll_scaling_enable=\u00bbon\u00bb scroll_scaling=\u00bb50|51|54|55|100%|160%|130%\u00bb motion_trigger_start=\u00bbtop\u00bb border_radii=\u00bbon|50%|50%|50%|50%\u00bb global_colors_info=\u00bb{}\u00bb][\/et_pb_divider][et_pb_blurb title=\u00bbJUNIO 2019&#8243; use_icon=\u00bbon\u00bb font_icon=\u00bb&#x5a;||divi||400&#8243; icon_color=\u00bb#FFFFFF\u00bb image_icon_background_color=\u00bb#c0090d\u00bb icon_placement=\u00bbleft\u00bb image_icon_width=\u00bb40px\u00bb content_max_width=\u00bb100%\u00bb admin_label=\u00bbTexto 8&#8243; _builder_version=\u00bb4.21.0&#8243; header_level=\u00bbh5&#8243; header_font=\u00bbSaira Semi Condensed|700||on|||||\u00bb header_text_color=\u00bb#ED1E25&#8243; header_line_height=\u00bb1.4em\u00bb body_font=\u00bbMontserrat||||||||\u00bb body_text_color=\u00bb#272222&#8243; body_font_size=\u00bb20px\u00bb body_line_height=\u00bb1.5em\u00bb body_ul_type=\u00bbnone\u00bb body_ul_position=\u00bbinside\u00bb body_ul_item_indent=\u00bb1px\u00bb body_ul_font=\u00bbOpen Sans|600|||||||\u00bb body_ul_text_color=\u00bb#666766&#8243; body_ul_font_size=\u00bb16px\u00bb body_ul_line_height=\u00bb1.8em\u00bb image_icon_custom_margin=\u00bb|||20px|false|false\u00bb image_icon_custom_padding=\u00bb||||false|false\u00bb z_index=\u00bb1&#8243; max_width=\u00bb50%\u00bb max_width_tablet=\u00bb90%\u00bb max_width_phone=\u00bb100%\u00bb max_width_last_edited=\u00bbon|phone\u00bb height=\u00bb300px\u00bb custom_margin=\u00bb|||-52px|false|false\u00bb animation=\u00bboff\u00bb scroll_blur=\u00bb0|40|80|100|10px|0px|5px\u00bb header_font_size_tablet=\u00bb\u00bb header_font_size_phone=\u00bb\u00bb header_font_size_last_edited=\u00bbon|phone\u00bb body_font_size_tablet=\u00bb18px\u00bb body_font_size_phone=\u00bb14px\u00bb body_font_size_last_edited=\u00bbon|desktop\u00bb body_ul_font_size_tablet=\u00bb14px\u00bb body_ul_font_size_phone=\u00bb12px\u00bb body_ul_font_size_last_edited=\u00bbon|desktop\u00bb border_radii_image=\u00bbon|100%|100%|100%|100%\u00bb border_width_all_image=\u00bb10px\u00bb border_color_all_image=\u00bb#c0090d\u00bb icon_font_size=\u00bb40px\u00bb locked=\u00bboff\u00bb global_colors_info=\u00bb{}\u00bb]<\/p>\n<p>APERTURA NAVE LAS PALMAS<\/p>\n<ul>\n<li>En verano se inaugura la segunda sede insular de Adyco, en Las Palmas de Gran Canaria, con la misma dotaci\u00f3n que la sede de Tenerife.<\/li>\n<\/ul>\n<p>[\/et_pb_blurb][et_pb_divider show_divider=\u00bboff\u00bb admin_label=\u00bbCorredor 8&#8243; _builder_version=\u00bb4.21.0&#8243; _module_preset=\u00bbdefault\u00bb background_color=\u00bb#666766&#8243; positioning=\u00bbabsolute\u00bb vertical_offset=\u00bb2100px\u00bb horizontal_offset=\u00bb-27px\u00bb width=\u00bb50px\u00bb height=\u00bb50px\u00bb scroll_vertical_motion_enable=\u00bbon\u00bb scroll_vertical_motion=\u00bb0|50|50|75|0|0|3&#8243; scroll_scaling_enable=\u00bbon\u00bb scroll_scaling=\u00bb50|55|70|75|100%|50%|90%\u00bb motion_trigger_start=\u00bbtop\u00bb border_radii=\u00bbon|50%|50%|50%|50%\u00bb global_colors_info=\u00bb{}\u00bb][\/et_pb_divider][et_pb_divider show_divider=\u00bboff\u00bb admin_label=\u00bbPulso 8&#8243; _builder_version=\u00bb4.21.0&#8243; _module_preset=\u00bbdefault\u00bb background_color=\u00bb#666766&#8243; positioning=\u00bbabsolute\u00bb vertical_offset=\u00bb2105px\u00bb horizontal_offset=\u00bb-27px\u00bb width=\u00bb50px\u00bb height=\u00bb50px\u00bb scroll_vertical_motion=\u00bb0|50|50|75|0|0|3&#8243; scroll_scaling_enable=\u00bbon\u00bb scroll_scaling=\u00bb50|51|54|55|100%|160%|130%\u00bb motion_trigger_start=\u00bbtop\u00bb border_radii=\u00bbon|50%|50%|50%|50%\u00bb global_colors_info=\u00bb{}\u00bb][\/et_pb_divider][et_pb_blurb title=\u00bbENERO 2021&#8243; use_icon=\u00bbon\u00bb font_icon=\u00bb&#x5a;||divi||400&#8243; icon_color=\u00bb#FFFFFF\u00bb image_icon_background_color=\u00bb#c0090d\u00bb icon_placement=\u00bbleft\u00bb image_icon_width=\u00bb40px\u00bb content_max_width=\u00bb100%\u00bb admin_label=\u00bbTexto 9&#8243; _builder_version=\u00bb4.21.0&#8243; header_level=\u00bbh5&#8243; header_font=\u00bbSaira Semi Condensed|700||on|||||\u00bb header_text_color=\u00bb#ED1E25&#8243; header_line_height=\u00bb1.4em\u00bb body_font=\u00bbMontserrat||||||||\u00bb body_text_color=\u00bb#272222&#8243; body_font_size=\u00bb20px\u00bb body_line_height=\u00bb1.5em\u00bb body_ul_type=\u00bbnone\u00bb body_ul_position=\u00bbinside\u00bb body_ul_item_indent=\u00bb1px\u00bb body_ul_font=\u00bbOpen Sans|600|||||||\u00bb body_ul_text_color=\u00bb#666766&#8243; body_ul_font_size=\u00bb16px\u00bb body_ul_line_height=\u00bb1.8em\u00bb image_icon_custom_margin=\u00bb|||20px|false|false\u00bb image_icon_custom_padding=\u00bb||||false|false\u00bb z_index=\u00bb1&#8243; max_width=\u00bb50%\u00bb max_width_tablet=\u00bb90%\u00bb max_width_phone=\u00bb100%\u00bb max_width_last_edited=\u00bbon|phone\u00bb height=\u00bb300px\u00bb custom_margin=\u00bb|||-52px|false|false\u00bb animation=\u00bboff\u00bb scroll_blur=\u00bb0|40|80|100|10px|0px|5px\u00bb header_font_size_tablet=\u00bb\u00bb header_font_size_phone=\u00bb\u00bb header_font_size_last_edited=\u00bbon|phone\u00bb body_font_size_tablet=\u00bb18px\u00bb body_font_size_phone=\u00bb14px\u00bb body_font_size_last_edited=\u00bbon|desktop\u00bb body_ul_font_size_tablet=\u00bb14px\u00bb body_ul_font_size_phone=\u00bb12px\u00bb body_ul_font_size_last_edited=\u00bbon|desktop\u00bb border_radii_image=\u00bbon|100%|100%|100%|100%\u00bb border_width_all_image=\u00bb10px\u00bb border_color_all_image=\u00bb#c0090d\u00bb icon_font_size=\u00bb40px\u00bb locked=\u00bboff\u00bb global_colors_info=\u00bb{}\u00bb]<\/p>\n<p>INICIO DESPACHOS ECOMMERCE<\/p>\n<ul>\n<li>Se inicia la operativa de despachos urgentes de mercanc\u00eda ecommerce especialmente dise\u00f1ada para env\u00edos desde China.<\/li>\n<\/ul>\n<p>[\/et_pb_blurb][et_pb_divider show_divider=\u00bboff\u00bb admin_label=\u00bbCorredor 9&#8243; _builder_version=\u00bb4.21.0&#8243; _module_preset=\u00bbdefault\u00bb background_color=\u00bb#666766&#8243; positioning=\u00bbabsolute\u00bb vertical_offset=\u00bb2400px\u00bb horizontal_offset=\u00bb-27px\u00bb width=\u00bb50px\u00bb height=\u00bb50px\u00bb scroll_vertical_motion_enable=\u00bbon\u00bb scroll_vertical_motion=\u00bb0|50|50|75|0|0|0&#8243; scroll_scaling_enable=\u00bbon\u00bb scroll_scaling=\u00bb50|55|70|75|100%|50%|90%\u00bb motion_trigger_start=\u00bbtop\u00bb border_radii=\u00bbon|50%|50%|50%|50%\u00bb global_colors_info=\u00bb{}\u00bb][\/et_pb_divider][et_pb_divider show_divider=\u00bboff\u00bb admin_label=\u00bbPulso 9&#8243; _builder_version=\u00bb4.21.0&#8243; _module_preset=\u00bbdefault\u00bb background_color=\u00bb#666766&#8243; positioning=\u00bbabsolute\u00bb vertical_offset=\u00bb2405px\u00bb horizontal_offset=\u00bb-27px\u00bb width=\u00bb50px\u00bb height=\u00bb50px\u00bb scroll_vertical_motion=\u00bb0|50|50|75|0|0|3&#8243; scroll_scaling_enable=\u00bbon\u00bb scroll_scaling=\u00bb50|51|54|55|100%|160%|130%\u00bb motion_trigger_start=\u00bbtop\u00bb border_radii=\u00bbon|50%|50%|50%|50%\u00bb global_colors_info=\u00bb{}\u00bb][\/et_pb_divider][et_pb_button button_url=\u00bb\/aduanas\/empresa\/#menu\u00bb button_text=\u00bbVolver\u00bb button_alignment=\u00bbleft\u00bb _builder_version=\u00bb4.21.0&#8243; _module_preset=\u00bbe44a4e92-266b-4174-85d5-5dd15c5bf7c0&#8243; button_text_color=\u00bb#272222&#8243; button_border_width=\u00bb0px\u00bb button_border_color=\u00bbRGBA(255,255,255,0)\u00bb button_border_radius=\u00bb0px\u00bb button_letter_spacing=\u00bb5px\u00bb button_font=\u00bbOpen Sans|700||on|||||\u00bb button_icon=\u00bb&#x21;||divi||400&#8243; button_icon_color=\u00bb#272222&#8243; button_on_hover=\u00bboff\u00bb custom_padding=\u00bb|||5%|true|false\u00bb custom_padding_tablet=\u00bb|||5%|true|false\u00bb custom_padding_phone=\u00bb|||5%|true|false\u00bb custom_padding_last_edited=\u00bbon|desktop\u00bb button_text_size_tablet=\u00bb16px\u00bb button_text_size_phone=\u00bb12px\u00bb button_text_size_last_edited=\u00bbon|desktop\u00bb button_text_color_tablet=\u00bb#272222&#8243; button_text_color_phone=\u00bb#272222&#8243; button_text_color_last_edited=\u00bbon|desktop\u00bb global_colors_info=\u00bb{}\u00bb button_text_size__hover_enabled=\u00bbon|hover\u00bb button_letter_spacing__hover_enabled=\u00bbon|desktop\u00bb button_letter_spacing__hover=\u00bb7px\u00bb button_text_color__hover_enabled=\u00bbon|hover\u00bb button_text_color__hover=\u00bb#ED1E25&#8243; button_icon_color__hover_enabled=\u00bbon|hover\u00bb button_icon_color__hover=\u00bb#ED1E25&#8243;][\/et_pb_button][\/et_pb_column][\/et_pb_row][\/et_pb_section][et_pb_section fb_built=\u00bb1&#8243; admin_label=\u00bbrsc\u00bb module_id=\u00bbrsc\u00bb _builder_version=\u00bb4.21.0&#8243; _module_preset=\u00bbdefault\u00bb z_index=\u00bb1&#8243; border_width_top=\u00bb6px\u00bb border_color_top=\u00bb#c0090d\u00bb collapsed=\u00bboff\u00bb global_colors_info=\u00bb{}\u00bb][et_pb_row admin_label=\u00bbTitulo\u00bb _builder_version=\u00bb4.21.0&#8243; _module_preset=\u00bbdefault\u00bb width_tablet=\u00bb\u00bb width_phone=\u00bb100%\u00bb width_last_edited=\u00bbon|tablet\u00bb module_alignment=\u00bbcenter\u00bb custom_margin=\u00bb30px||||false|false\u00bb custom_margin_tablet=\u00bb||10px||false|false\u00bb custom_margin_phone=\u00bb0px||||false|false\u00bb custom_margin_last_edited=\u00bbon|tablet\u00bb collapsed=\u00bbon\u00bb global_colors_info=\u00bb{}\u00bb][et_pb_column type=\u00bb4_4&#8243; _builder_version=\u00bb4.21.0&#8243; _module_preset=\u00bbdefault\u00bb global_colors_info=\u00bb{}\u00bb][et_pb_text _builder_version=\u00bb4.21.0&#8243; _module_preset=\u00bbdefault\u00bb header_font=\u00bbSaira Semi Condensed|800||on|||||\u00bb header_text_align=\u00bbleft\u00bb header_text_color=\u00bb#ED1E25&#8243; header_font_size=\u00bb60px\u00bb header_letter_spacing=\u00bb5px\u00bb header_2_font=\u00bbSaira Semi Condensed|700||on|||||\u00bb header_2_text_align=\u00bbcenter\u00bb header_2_text_color=\u00bb#ED1E25&#8243; header_2_font_size=\u00bb48px\u00bb header_2_letter_spacing=\u00bb5px\u00bb header_2_line_height=\u00bb1.8em\u00bb custom_padding=\u00bb||||false|false\u00bb animation_style=\u00bbslide\u00bb animation_direction=\u00bbbottom\u00bb animation_duration=\u00bb700ms\u00bb animation_intensity_slide=\u00bb2%\u00bb animation_speed_curve=\u00bbease\u00bb header_font_size_tablet=\u00bb50px\u00bb header_font_size_phone=\u00bb40px\u00bb header_font_size_last_edited=\u00bbon|phone\u00bb header_letter_spacing_tablet=\u00bb5px\u00bb header_letter_spacing_phone=\u00bb0px\u00bb header_letter_spacing_last_edited=\u00bbon|phone\u00bb header_2_font_size_tablet=\u00bb38px\u00bb header_2_font_size_phone=\u00bb28px\u00bb header_2_font_size_last_edited=\u00bbon|phone\u00bb header_2_letter_spacing_tablet=\u00bb5px\u00bb header_2_letter_spacing_phone=\u00bb0px\u00bb header_2_letter_spacing_last_edited=\u00bbon|tablet\u00bb global_colors_info=\u00bb{}\u00bb]<\/p>\n<h2>comprometidos con la sociedad<\/h2>\n<p>[\/et_pb_text][et_pb_text _builder_version=\u00bb4.21.0&#8243; _module_preset=\u00bbdefault\u00bb header_font=\u00bbSaira Semi Condensed|800||on|||||\u00bb header_text_align=\u00bbcenter\u00bb header_text_color=\u00bb#ED1E25&#8243; header_font_size=\u00bb80px\u00bb header_letter_spacing=\u00bb5px\u00bb header_4_font=\u00bbMontserrat|500||on|||||\u00bb header_4_text_align=\u00bbcenter\u00bb header_4_text_color=\u00bb#272222&#8243; header_4_font_size=\u00bb20px\u00bb header_4_letter_spacing=\u00bb10px\u00bb header_4_line_height=\u00bb1.8em\u00bb width_tablet=\u00bb\u00bb width_phone=\u00bb90%\u00bb width_last_edited=\u00bbon|tablet\u00bb max_width_tablet=\u00bb\u00bb max_width_phone=\u00bb\u00bb max_width_last_edited=\u00bbon|phone\u00bb module_alignment=\u00bbcenter\u00bb custom_margin=\u00bb0px||||false|false\u00bb custom_padding=\u00bb||||false|false\u00bb animation_style=\u00bbslide\u00bb animation_direction=\u00bbbottom\u00bb animation_duration=\u00bb700ms\u00bb animation_intensity_slide=\u00bb2%\u00bb header_4_font_size_tablet=\u00bb16px\u00bb header_4_font_size_phone=\u00bb12px\u00bb header_4_font_size_last_edited=\u00bbon|phone\u00bb header_4_letter_spacing_tablet=\u00bb10px\u00bb header_4_letter_spacing_phone=\u00bb5px\u00bb header_4_letter_spacing_last_edited=\u00bbon|phone\u00bb global_colors_info=\u00bb{}\u00bb]<\/p>\n<h4>contribuimos a hacer de nuestra comunidad un entorno sostenible, justo y responsable<\/h4>\n<p>[\/et_pb_text][\/et_pb_column][\/et_pb_row][et_pb_row column_structure=\u00bb1_2,1_2&#8243; disabled_on=\u00bbon|on|off\u00bb admin_label=\u00bbMEDIOAMBIENTE\u00bb _builder_version=\u00bb4.21.0&#8243; custom_margin=\u00bb1.7%|auto|0px|auto|false|false\u00bb custom_margin_tablet=\u00bb12%||6%||false|false\u00bb custom_margin_phone=\u00bb12%||||false|false\u00bb custom_margin_last_edited=\u00bbon|phone\u00bb custom_padding=\u00bb||||false|false\u00bb collapsed=\u00bbon\u00bb global_colors_info=\u00bb{}\u00bb][et_pb_column type=\u00bb1_2&#8243; _builder_version=\u00bb4.21.0&#8243; border_width_all=\u00bb2px\u00bb border_color_all=\u00bb#ED1E25&#8243; global_colors_info=\u00bb{}\u00bb][et_pb_image src=\u00bbhttps:\/\/www.adycoaduanas.com\/aduanas\/wp-content\/uploads\/2023\/07\/RSC-1.jpg\u00bb title_text=\u00bbRSC-1&#8243; align=\u00bbcenter\u00bb force_fullwidth=\u00bbon\u00bb _builder_version=\u00bb4.22.2&#8243; _module_preset=\u00bbdefault\u00bb transform_translate=\u00bb-10%|10%\u00bb transform_translate_linked=\u00bboff\u00bb animation_style=\u00bbslide\u00bb animation_direction=\u00bbbottom\u00bb animation_duration=\u00bb700ms\u00bb animation_intensity_slide=\u00bb2%\u00bb hover_enabled=\u00bb0&#8243; global_colors_info=\u00bb{}\u00bb sticky_enabled=\u00bb0&#8243;][\/et_pb_image][\/et_pb_column][et_pb_column type=\u00bb1_2&#8243; _builder_version=\u00bb4.21.0&#8243; transform_translate=\u00bb0px|30%\u00bb transform_translate_linked=\u00bboff\u00bb custom_padding=\u00bb||80px||false|false\u00bb global_colors_info=\u00bb{}\u00bb][et_pb_text _builder_version=\u00bb4.21.0&#8243; _module_preset=\u00bbe949edfa-e494-42db-9eec-0805c3b1a059&#8243; header_2_font=\u00bbSaira Semi Condensed|||on|||||\u00bb header_2_text_color=\u00bb#ED1E25&#8243; header_2_font_size=\u00bb38px\u00bb header_2_line_height=\u00bb1.8em\u00bb header_4_font=\u00bbMontserrat|700||on|||||\u00bb header_4_text_color=\u00bb#272222&#8243; header_4_font_size=\u00bb12px\u00bb header_4_letter_spacing=\u00bb2.6px\u00bb header_4_line_height=\u00bb1.6em\u00bb custom_padding=\u00bb||||false|false\u00bb header_2_font_size_tablet=\u00bb30px\u00bb header_2_font_size_phone=\u00bb28px\u00bb header_4_font_size_tablet=\u00bb12px\u00bb header_4_font_size_phone=\u00bb12px\u00bb header_4_font_size_last_edited=\u00bbon|phone\u00bb global_colors_info=\u00bb{}\u00bb]<\/p>\n<h2>compromiso medioambiental<\/h2>\n<p>[\/et_pb_text][et_pb_text _builder_version=\u00bb4.21.0&#8243; _module_preset=\u00bb6355f4d6-48f2-45af-b9ce-5d7c0ae556bf\u00bb text_font=\u00bbOpen Sans||||||||\u00bb text_text_color=\u00bb#272222&#8243; global_colors_info=\u00bb{}\u00bb]<\/p>\n<p>Tomamos conciencia de la importancia de cuidar y preservar el medioambiente para entregar un planeta sostenible a las generaciones futuras y frenar los efectos del cambio clim\u00e1tico.<\/p>\n<p>[\/et_pb_text][et_pb_blurb title=\u00bbAHORRO DE RECURSOS ENERG\u00e9TICOS\u00bb use_icon=\u00bbon\u00bb font_icon=\u00bb&#xf299;||fa||400&#8243; icon_color=\u00bb#ED1E25&#8243; image_icon_background_color=\u00bbRGBA(255,255,255,0)\u00bb image_icon_width=\u00bb30px\u00bb image_icon_width_tablet=\u00bb24px\u00bb image_icon_width_phone=\u00bb20px\u00bb image_icon_width_last_edited=\u00bbon|phone\u00bb _builder_version=\u00bb4.21.0&#8243; _module_preset=\u00bbf8c3ed7d-5542-4f1d-a6c1-aec437f763c4&#8243; header_font=\u00bbOpen Sans|500||on|||||\u00bb header_text_color=\u00bb#272222&#8243; header_line_height=\u00bb1.8em\u00bb border_radii_image=\u00bbon|0px|0px|0px|0px\u00bb border_color_all_image=\u00bb#ED1E25&#8243; locked=\u00bboff\u00bb global_colors_info=\u00bb{}\u00bb]<\/p>\n<p>Implantamos pol\u00edticas de ahorro energ\u00e9tico para disminuir el consumo de agua y energ\u00eda.<\/p>\n<p>[\/et_pb_blurb][et_pb_blurb title=\u00bbAplicamos la regla de las 3r\u00bb use_icon=\u00bbon\u00bb font_icon=\u00bb&#xf299;||fa||400&#8243; icon_color=\u00bb#ED1E25&#8243; image_icon_background_color=\u00bbRGBA(255,255,255,0)\u00bb image_icon_width=\u00bb30px\u00bb image_icon_width_tablet=\u00bb24px\u00bb image_icon_width_phone=\u00bb20px\u00bb image_icon_width_last_edited=\u00bbon|phone\u00bb _builder_version=\u00bb4.21.0&#8243; _module_preset=\u00bbf8c3ed7d-5542-4f1d-a6c1-aec437f763c4&#8243; header_font=\u00bbOpen Sans|500||on|||||\u00bb header_text_color=\u00bb#272222&#8243; header_line_height=\u00bb1.8em\u00bb border_radii_image=\u00bbon|0px|0px|0px|0px\u00bb border_color_all_image=\u00bb#ED1E25&#8243; locked=\u00bboff\u00bb global_colors_info=\u00bb{}\u00bb]<\/p>\n<p>Reducir &#8211; Reulitizar &#8211; Reciclar.<\/p>\n<p>[\/et_pb_blurb][et_pb_blurb title=\u00bbSOMOS PAPERLESS\u00bb use_icon=\u00bbon\u00bb font_icon=\u00bb&#xf299;||fa||400&#8243; icon_color=\u00bb#ED1E25&#8243; image_icon_background_color=\u00bbRGBA(255,255,255,0)\u00bb image_icon_width=\u00bb30px\u00bb image_icon_width_tablet=\u00bb24px\u00bb image_icon_width_phone=\u00bb20px\u00bb image_icon_width_last_edited=\u00bbon|phone\u00bb _builder_version=\u00bb4.21.0&#8243; _module_preset=\u00bbf8c3ed7d-5542-4f1d-a6c1-aec437f763c4&#8243; header_font=\u00bbOpen Sans|500||on|||||\u00bb header_text_color=\u00bb#272222&#8243; header_line_height=\u00bb1.8em\u00bb border_radii_image=\u00bbon|0px|0px|0px|0px\u00bb border_color_all_image=\u00bb#ED1E25&#8243; locked=\u00bboff\u00bb global_colors_info=\u00bb{}\u00bb]<\/p>\n<p>Hemos duplicado nuestros recursos en ofim\u00e1tica para disminuir al m\u00e1ximo el consumo de papel en nuestras oficinas.<\/p>\n<p>[\/et_pb_blurb][et_pb_blurb title=\u00bbApostamos por energ\u00edas limpias y renovables\u00bb use_icon=\u00bbon\u00bb font_icon=\u00bb&#xf299;||fa||400&#8243; icon_color=\u00bb#ED1E25&#8243; image_icon_background_color=\u00bbRGBA(255,255,255,0)\u00bb image_icon_width=\u00bb30px\u00bb image_icon_width_tablet=\u00bb24px\u00bb image_icon_width_phone=\u00bb20px\u00bb image_icon_width_last_edited=\u00bbon|phone\u00bb _builder_version=\u00bb4.21.0&#8243; _module_preset=\u00bbf8c3ed7d-5542-4f1d-a6c1-aec437f763c4&#8243; header_font=\u00bbOpen Sans|500||on|||||\u00bb header_text_color=\u00bb#272222&#8243; header_line_height=\u00bb1.8em\u00bb border_radii_image=\u00bbon|0px|0px|0px|0px\u00bb border_color_all_image=\u00bb#ED1E25&#8243; locked=\u00bboff\u00bb global_colors_info=\u00bb{}\u00bb]<\/p>\n<p>Estamos transformando nuestro consumo energ\u00e9tico haciendo una clara apuesta por el uso de energ\u00edas renovables.<\/p>\n<p>[\/et_pb_blurb][\/et_pb_column][\/et_pb_row][et_pb_row column_structure=\u00bb1_2,1_2&#8243; disabled_on=\u00bbon|on|off\u00bb admin_label=\u00bbECONOMICO\u00bb _builder_version=\u00bb4.21.0&#8243; _module_preset=\u00bbdefault\u00bb custom_padding=\u00bb||||false|false\u00bb collapsed=\u00bbon\u00bb global_colors_info=\u00bb{}\u00bb][et_pb_column type=\u00bb1_2&#8243; _builder_version=\u00bb4.21.0&#8243; _module_preset=\u00bbdefault\u00bb background_enable_image=\u00bboff\u00bb custom_padding=\u00bb2%||6%||false|false\u00bb animation_style=\u00bbslide\u00bb animation_direction=\u00bbtop\u00bb animation_intensity_slide=\u00bb5%\u00bb global_colors_info=\u00bb{}\u00bb][et_pb_text _builder_version=\u00bb4.21.0&#8243; _module_preset=\u00bbe949edfa-e494-42db-9eec-0805c3b1a059&#8243; header_2_font=\u00bbSaira Semi Condensed|||on|||||\u00bb header_2_text_color=\u00bb#ED1E25&#8243; header_2_font_size=\u00bb38px\u00bb header_2_line_height=\u00bb1.8em\u00bb header_4_font=\u00bbMontserrat|700||on|||||\u00bb header_4_text_color=\u00bb#272222&#8243; header_4_font_size=\u00bb12px\u00bb header_4_letter_spacing=\u00bb2.6px\u00bb header_4_line_height=\u00bb1.6em\u00bb custom_padding=\u00bb||||false|false\u00bb header_2_font_size_tablet=\u00bb30px\u00bb header_2_font_size_phone=\u00bb28px\u00bb header_4_font_size_tablet=\u00bb12px\u00bb header_4_font_size_phone=\u00bb12px\u00bb header_4_font_size_last_edited=\u00bbon|phone\u00bb global_colors_info=\u00bb{%22gcid-11d3dbbb-f6dc-4fb8-929b-9d6994368d00%22:%91%22header_2_text_color%22%93}\u00bb]<\/p>\n<h2>COMPROMISO EMPRESARIAL<\/h2>\n<p>[\/et_pb_text][et_pb_text _builder_version=\u00bb4.21.0&#8243; _module_preset=\u00bb6355f4d6-48f2-45af-b9ce-5d7c0ae556bf\u00bb text_font=\u00bbOpen Sans||||||||\u00bb text_text_color=\u00bb#272222&#8243; global_colors_info=\u00bb{}\u00bb]<\/p>\n<p>Como organizaci\u00f3n social, estamos comprometidos con los criterios de transparencia, cumplimiento de la normativa, lucha contra el fraude y crecimiento sostenible.<\/p>\n<p>[\/et_pb_text][et_pb_blurb title=\u00bbGESTI\u00d3N \u00c9TICA Y TRANSPARENCIA\u00bb use_icon=\u00bbon\u00bb font_icon=\u00bb&#xf2b5;||fa||900&#8243; icon_color=\u00bb#ED1E25&#8243; image_icon_background_color=\u00bbRGBA(255,255,255,0)\u00bb image_icon_width=\u00bb30px\u00bb image_icon_width_tablet=\u00bb24px\u00bb image_icon_width_phone=\u00bb20px\u00bb image_icon_width_last_edited=\u00bbon|phone\u00bb _builder_version=\u00bb4.22.2&#8243; _module_preset=\u00bbf8c3ed7d-5542-4f1d-a6c1-aec437f763c4&#8243; header_font=\u00bbOpen Sans|500||on|||||\u00bb header_text_color=\u00bb#272222&#8243; header_line_height=\u00bb1.8em\u00bb hover_enabled=\u00bb0&#8243; border_radii_image=\u00bbon|0px|0px|0px|0px\u00bb border_color_all_image=\u00bb#ED1E25&#8243; locked=\u00bboff\u00bb global_colors_info=\u00bb{}\u00bb sticky_enabled=\u00bb0&#8243;]<\/p>\n<p>Nuestro modelo de negocio se basa en los principios de transparencia, veracidad y buenas pr\u00e1cticas hacia el cliente, los empleados, proveedores y sociedad en general.<\/p>\n<p>[\/et_pb_blurb][et_pb_blurb title=\u00bbCALIDAD Y COMPLIANCE\u00bb use_icon=\u00bbon\u00bb font_icon=\u00bb&#xf2b5;||fa||900&#8243; icon_color=\u00bb#ED1E25&#8243; image_icon_background_color=\u00bbRGBA(255,255,255,0)\u00bb image_icon_width=\u00bb30px\u00bb image_icon_width_tablet=\u00bb24px\u00bb image_icon_width_phone=\u00bb20px\u00bb image_icon_width_last_edited=\u00bbon|phone\u00bb _builder_version=\u00bb4.21.0&#8243; _module_preset=\u00bbf8c3ed7d-5542-4f1d-a6c1-aec437f763c4&#8243; header_font=\u00bbOpen Sans|500||on|||||\u00bb header_text_color=\u00bb#272222&#8243; header_line_height=\u00bb1.8em\u00bb border_radii_image=\u00bbon|0px|0px|0px|0px\u00bb border_color_all_image=\u00bb#ED1E25&#8243; locked=\u00bboff\u00bb global_colors_info=\u00bb{}\u00bb]<\/p>\n<p>Establecemos procedimientos de control para garantizar el cumplimiento y la alineaci\u00f3n de toda la organizaci\u00f3n con nuestros est\u00e1ndares de calidad y con el marco normativo en el que operamos.<\/p>\n<p>[\/et_pb_blurb][\/et_pb_column][et_pb_column type=\u00bb1_2&#8243; _builder_version=\u00bb4.21.0&#8243; _module_preset=\u00bbdefault\u00bb background_enable_image=\u00bboff\u00bb animation_direction=\u00bbtop\u00bb custom_css_main_element=\u00bbdisplay: flex;||flex-direction: column;||justify-content: center;||\u00bb global_colors_info=\u00bb{}\u00bb][\/et_pb_column][\/et_pb_row][et_pb_row column_structure=\u00bb1_2,1_2&#8243; disabled_on=\u00bbon|on|off\u00bb admin_label=\u00bbSOCIAL\u00bb _builder_version=\u00bb4.21.0&#8243; custom_margin=\u00bb6%||2%||false|false\u00bb custom_margin_tablet=\u00bb12%||6%||false|false\u00bb custom_margin_phone=\u00bb12%||||false|false\u00bb custom_margin_last_edited=\u00bbon|phone\u00bb custom_padding=\u00bb||||false|false\u00bb collapsed=\u00bbon\u00bb global_colors_info=\u00bb{}\u00bb][et_pb_column type=\u00bb1_2&#8243; _builder_version=\u00bb4.21.0&#8243; border_width_all=\u00bb2px\u00bb border_color_all=\u00bb#ED1E25&#8243; global_colors_info=\u00bb{}\u00bb][et_pb_gallery gallery_ids=\u00bb234759,234758,234760,234761,234757&#8243; fullwidth=\u00bbon\u00bb _builder_version=\u00bb4.22.2&#8243; _module_preset=\u00bbdefault\u00bb pagination_text_color=\u00bbRGBA(255,255,255,0)\u00bb pagination_font_size=\u00bb0px\u00bb transform_translate=\u00bb-10%|-10%\u00bb transform_translate_linked=\u00bboff\u00bb animation_style=\u00bbslide\u00bb animation_direction=\u00bbbottom\u00bb animation_duration=\u00bb700ms\u00bb animation_intensity_slide=\u00bb2%\u00bb auto=\u00bbon\u00bb auto_speed=\u00bb4000&#8243; hover_enabled=\u00bb0&#8243; global_colors_info=\u00bb{}\u00bb sticky_enabled=\u00bb0&#8243;][\/et_pb_gallery][\/et_pb_column][et_pb_column type=\u00bb1_2&#8243; _builder_version=\u00bb4.21.0&#8243; transform_translate=\u00bb0px|-40%\u00bb transform_translate_linked=\u00bboff\u00bb custom_padding=\u00bb||80px||false|false\u00bb global_colors_info=\u00bb{}\u00bb][et_pb_text _builder_version=\u00bb4.21.0&#8243; header_2_font=\u00bbSaira Semi Condensed||||||||\u00bb header_2_font_size=\u00bb38px\u00bb header_2_line_height=\u00bb1.8em\u00bb header_4_font=\u00bbMontserrat|700||on|||||\u00bb header_4_text_color=\u00bb#272222&#8243; header_4_font_size=\u00bb12px\u00bb header_4_letter_spacing=\u00bb2.6px\u00bb header_4_line_height=\u00bb1.6em\u00bb header_5_font=\u00bbMontserrat|700|||||||\u00bb header_5_text_color=\u00bb#272222&#8243; header_5_font_size=\u00bb12px\u00bb header_5_letter_spacing=\u00bb2.6px\u00bb header_5_line_height=\u00bb1.6em\u00bb header_2_font_size_tablet=\u00bb30px\u00bb header_2_font_size_phone=\u00bb28px\u00bb header_2_font_size_last_edited=\u00bbon|phone\u00bb header_4_font_size_tablet=\u00bb\u00bb header_4_font_size_phone=\u00bb\u00bb header_4_font_size_last_edited=\u00bbon|phone\u00bb header_5_font_size_tablet=\u00bb12px\u00bb header_5_font_size_phone=\u00bb12px\u00bb header_5_font_size_last_edited=\u00bbon|desktop\u00bb locked=\u00bboff\u00bb global_colors_info=\u00bb{}\u00bb]<\/p>\n<h2>COMPROMISO SOCIAL<\/h2>\n<p>[\/et_pb_text][et_pb_text _builder_version=\u00bb4.21.0&#8243; _module_preset=\u00bb6355f4d6-48f2-45af-b9ce-5d7c0ae556bf\u00bb text_font=\u00bbOpen Sans||||||||\u00bb text_text_color=\u00bb#272222&#8243; global_colors_info=\u00bb{}\u00bb]<\/p>\n<p>Estamos comprometidos con las acciones que promuevan la igualdad entre todos los seres humanos, que fomenten la creaci\u00f3n de una sociedad mejor y favorezcan el bienestar de los individuos.<\/p>\n<p>[\/et_pb_text][et_pb_blurb title=\u00bbIGUALDAD EFECTIVA DE OPORTUNIDADES\u00bb use_icon=\u00bbon\u00bb font_icon=\u00bb&#xf500;||fa||900&#8243; icon_color=\u00bb#ED1E25&#8243; image_icon_background_color=\u00bbRGBA(255,255,255,0)\u00bb image_icon_width=\u00bb30px\u00bb image_icon_width_tablet=\u00bb24px\u00bb image_icon_width_phone=\u00bb20px\u00bb image_icon_width_last_edited=\u00bbon|phone\u00bb _builder_version=\u00bb4.21.0&#8243; _module_preset=\u00bbf8c3ed7d-5542-4f1d-a6c1-aec437f763c4&#8243; header_font=\u00bbOpen Sans|500||on|||||\u00bb header_text_color=\u00bb#272222&#8243; header_line_height=\u00bb1.8em\u00bb border_radii_image=\u00bbon|0px|0px|0px|0px\u00bb border_color_all_image=\u00bb#ED1E25&#8243; locked=\u00bboff\u00bb global_colors_info=\u00bb{}\u00bb]<\/p>\n<p>Implantamos pol\u00edticas de igualdad entre nuestros empleados ofreciendo un empleo de calidad sin diferencias de oportunidades, responsabilidades o salarios.<\/p>\n<p>[\/et_pb_blurb][et_pb_blurb title=\u00bbPOL\u00cdTICAS DE CONCILIACI\u00d3N FAMILIAR\u00bb use_icon=\u00bbon\u00bb font_icon=\u00bb&#xf500;||fa||900&#8243; icon_color=\u00bb#ED1E25&#8243; image_icon_background_color=\u00bbRGBA(255,255,255,0)\u00bb image_icon_width=\u00bb30px\u00bb image_icon_width_tablet=\u00bb24px\u00bb image_icon_width_phone=\u00bb20px\u00bb image_icon_width_last_edited=\u00bbon|phone\u00bb _builder_version=\u00bb4.21.0&#8243; _module_preset=\u00bbf8c3ed7d-5542-4f1d-a6c1-aec437f763c4&#8243; header_font=\u00bbOpen Sans|500||on|||||\u00bb header_text_color=\u00bb#272222&#8243; header_line_height=\u00bb1.8em\u00bb border_radii_image=\u00bbon|0px|0px|0px|0px\u00bb border_color_all_image=\u00bb#ED1E25&#8243; locked=\u00bboff\u00bb global_colors_info=\u00bb{}\u00bb]<\/p>\n<p>Apoyamos la conciliaci\u00f3n familiar favoreciendo medidas de reducci\u00f3n de jornada, la adecuaci\u00f3n de horarios y el teletrabajo.<\/p>\n<p>[\/et_pb_blurb][et_pb_blurb title=\u00bbC\u00d3DIGO DE BUENA CONDUCTA\u00bb use_icon=\u00bbon\u00bb font_icon=\u00bb&#xf500;||fa||900&#8243; icon_color=\u00bb#ED1E25&#8243; image_icon_background_color=\u00bbRGBA(255,255,255,0)\u00bb image_icon_width=\u00bb30px\u00bb image_icon_width_tablet=\u00bb24px\u00bb image_icon_width_phone=\u00bb20px\u00bb image_icon_width_last_edited=\u00bbon|phone\u00bb _builder_version=\u00bb4.21.0&#8243; _module_preset=\u00bbf8c3ed7d-5542-4f1d-a6c1-aec437f763c4&#8243; header_font=\u00bbOpen Sans|500||on|||||\u00bb header_text_color=\u00bb#272222&#8243; header_line_height=\u00bb1.8em\u00bb border_radii_image=\u00bbon|0px|0px|0px|0px\u00bb border_color_all_image=\u00bb#ED1E25&#8243; locked=\u00bboff\u00bb global_colors_info=\u00bb{}\u00bb]<\/p>\n<p>Desarrollamos medidas de convivencia y buena conducta en el trabajo para prevenir y luchar contra la discriminaci\u00f3n, el acoso o el mobbing.<\/p>\n<p>[\/et_pb_blurb][et_pb_blurb title=\u00bbACCIONES DE VOLUNTARIADO\u00bb use_icon=\u00bbon\u00bb font_icon=\u00bb&#xf500;||fa||900&#8243; icon_color=\u00bb#ED1E25&#8243; image_icon_background_color=\u00bbRGBA(255,255,255,0)\u00bb image_icon_width=\u00bb30px\u00bb image_icon_width_tablet=\u00bb24px\u00bb image_icon_width_phone=\u00bb20px\u00bb image_icon_width_last_edited=\u00bbon|phone\u00bb _builder_version=\u00bb4.21.0&#8243; _module_preset=\u00bbf8c3ed7d-5542-4f1d-a6c1-aec437f763c4&#8243; header_font=\u00bbOpen Sans|500||on|||||\u00bb header_text_color=\u00bb#272222&#8243; header_line_height=\u00bb1.8em\u00bb border_radii_image=\u00bbon|0px|0px|0px|0px\u00bb border_color_all_image=\u00bb#ED1E25&#8243; locked=\u00bboff\u00bb global_colors_info=\u00bb{}\u00bb]<\/p>\n<p>Impulsamos acciones de voluntariado y colaboraci\u00f3n para una sociedad m\u00e1s solidaria, por ejemplo, entregando material sanitario en hospitales durante la pandemia o llevando ayuda a los damnificados por el volc\u00e1n de La Palma.<\/p>\n<p>[\/et_pb_blurb][et_pb_button button_url=\u00bb\/aduanas\/empresa\/#menu\u00bb button_text=\u00bbVolver\u00bb button_alignment=\u00bbleft\u00bb _builder_version=\u00bb4.21.0&#8243; _module_preset=\u00bbe44a4e92-266b-4174-85d5-5dd15c5bf7c0&#8243; button_text_color=\u00bb#272222&#8243; button_border_width=\u00bb0px\u00bb button_border_color=\u00bbRGBA(255,255,255,0)\u00bb button_border_radius=\u00bb0px\u00bb button_letter_spacing=\u00bb5px\u00bb button_font=\u00bbOpen Sans|700||on|||||\u00bb button_icon=\u00bb&#x21;||divi||400&#8243; button_icon_color=\u00bb#272222&#8243; button_on_hover=\u00bboff\u00bb custom_padding=\u00bb|10px|||true|false\u00bb button_text_size_tablet=\u00bb16px\u00bb button_text_size_phone=\u00bb12px\u00bb button_text_size_last_edited=\u00bbon|desktop\u00bb button_text_color_tablet=\u00bb#272222&#8243; button_text_color_phone=\u00bb#272222&#8243; button_text_color_last_edited=\u00bbon|desktop\u00bb global_colors_info=\u00bb{}\u00bb button_text_size__hover_enabled=\u00bbon|hover\u00bb button_letter_spacing__hover_enabled=\u00bbon|desktop\u00bb button_letter_spacing__hover=\u00bb7px\u00bb button_text_color__hover_enabled=\u00bbon|hover\u00bb button_text_color__hover=\u00bb#ED1E25&#8243; button_icon_color__hover_enabled=\u00bbon|hover\u00bb button_icon_color__hover=\u00bb#ED1E25&#8243;][\/et_pb_button][\/et_pb_column][\/et_pb_row][et_pb_row disabled_on=\u00bboff|off|on\u00bb admin_label=\u00bbMovil Imagen MEDIOAMBIENTE\u00bb _builder_version=\u00bb4.21.0&#8243; width_tablet=\u00bb60%\u00bb width_phone=\u00bb60%\u00bb width_last_edited=\u00bbon|tablet\u00bb custom_margin=\u00bb6%||0px||false|false\u00bb custom_margin_tablet=\u00bb12%||6%||false|false\u00bb custom_margin_phone=\u00bb6%||||false|false\u00bb custom_margin_last_edited=\u00bbon|phone\u00bb custom_padding=\u00bb||||false|false\u00bb collapsed=\u00bboff\u00bb global_colors_info=\u00bb{}\u00bb][et_pb_column type=\u00bb4_4&#8243; _builder_version=\u00bb4.21.0&#8243; border_width_all=\u00bb2px\u00bb border_color_all=\u00bb#ED1E25&#8243; global_colors_info=\u00bb{}\u00bb][et_pb_image src=\u00bbhttps:\/\/www.adycoaduanas.com\/aduanas\/wp-content\/uploads\/2023\/07\/RSC-1.jpg\u00bb title_text=\u00bbRSC-1&#8243; align=\u00bbcenter\u00bb force_fullwidth=\u00bbon\u00bb _builder_version=\u00bb4.22.2&#8243; _module_preset=\u00bbdefault\u00bb transform_translate=\u00bb10%|10%\u00bb transform_translate_linked=\u00bboff\u00bb animation_style=\u00bbslide\u00bb animation_direction=\u00bbbottom\u00bb animation_duration=\u00bb700ms\u00bb animation_intensity_slide=\u00bb2%\u00bb hover_enabled=\u00bb0&#8243; global_colors_info=\u00bb{}\u00bb sticky_enabled=\u00bb0&#8243;][\/et_pb_image][\/et_pb_column][\/et_pb_row][et_pb_row disabled_on=\u00bboff|off|on\u00bb admin_label=\u00bbMovil MEDIOAMBIENTE\u00bb _builder_version=\u00bb4.21.0&#8243; custom_margin=\u00bb6%||0px||false|false\u00bb custom_margin_tablet=\u00bb||6%||false|false\u00bb custom_margin_phone=\u00bb0%||||false|false\u00bb custom_margin_last_edited=\u00bbon|tablet\u00bb custom_padding=\u00bb||||false|false\u00bb collapsed=\u00bbon\u00bb global_colors_info=\u00bb{}\u00bb][et_pb_column type=\u00bb4_4&#8243; _builder_version=\u00bb4.21.0&#8243; border_width_all=\u00bb0px\u00bb border_color_all=\u00bb#ED1E25&#8243; global_colors_info=\u00bb{}\u00bb][et_pb_text _builder_version=\u00bb4.21.0&#8243; _module_preset=\u00bbe949edfa-e494-42db-9eec-0805c3b1a059&#8243; header_2_font=\u00bbSaira Semi Condensed|||on|||||\u00bb header_2_text_color=\u00bb#ED1E25&#8243; header_2_font_size=\u00bb38px\u00bb header_2_line_height=\u00bb1.8em\u00bb header_4_font=\u00bbMontserrat|700||on|||||\u00bb header_4_text_color=\u00bb#272222&#8243; header_4_font_size=\u00bb12px\u00bb header_4_letter_spacing=\u00bb2.6px\u00bb header_4_line_height=\u00bb1.6em\u00bb custom_padding=\u00bb||||false|false\u00bb header_2_font_size_tablet=\u00bb30px\u00bb header_2_font_size_phone=\u00bb28px\u00bb header_4_font_size_tablet=\u00bb12px\u00bb header_4_font_size_phone=\u00bb12px\u00bb header_4_font_size_last_edited=\u00bbon|phone\u00bb global_colors_info=\u00bb{}\u00bb]<\/p>\n<h2>compromiso medioambiental<\/h2>\n<p>[\/et_pb_text][et_pb_text _builder_version=\u00bb4.21.0&#8243; _module_preset=\u00bb6355f4d6-48f2-45af-b9ce-5d7c0ae556bf\u00bb text_font=\u00bbOpen Sans||||||||\u00bb text_text_color=\u00bb#272222&#8243; global_colors_info=\u00bb{}\u00bb]<\/p>\n<p>Tomamos conciencia de la importancia de cuidar y preservar el medioambiente para entregar un planeta sostenible a las generaciones futuras y frenar los efectos del cambio clim\u00e1tico.<\/p>\n<p>[\/et_pb_text][et_pb_blurb title=\u00bbAHORRO DE RECURSOS ENERG\u00e9TICOS\u00bb use_icon=\u00bbon\u00bb font_icon=\u00bb&#xf299;||fa||400&#8243; icon_color=\u00bb#ED1E25&#8243; image_icon_background_color=\u00bbRGBA(255,255,255,0)\u00bb image_icon_width=\u00bb30px\u00bb image_icon_width_tablet=\u00bb24px\u00bb image_icon_width_phone=\u00bb20px\u00bb image_icon_width_last_edited=\u00bbon|phone\u00bb _builder_version=\u00bb4.21.0&#8243; _module_preset=\u00bbf8c3ed7d-5542-4f1d-a6c1-aec437f763c4&#8243; header_font=\u00bbOpen Sans|500||on|||||\u00bb header_text_color=\u00bb#272222&#8243; header_line_height=\u00bb1.8em\u00bb border_radii_image=\u00bbon|0px|0px|0px|0px\u00bb border_color_all_image=\u00bb#ED1E25&#8243; locked=\u00bboff\u00bb global_colors_info=\u00bb{}\u00bb]<\/p>\n<p>Implantamos pol\u00edticas de ahorro energ\u00e9tico para disminuir el consumo de agua y energ\u00eda.<\/p>\n<p>[\/et_pb_blurb][et_pb_blurb title=\u00bbAplicamos la regla de las 3r\u00bb use_icon=\u00bbon\u00bb font_icon=\u00bb&#xf299;||fa||400&#8243; icon_color=\u00bb#ED1E25&#8243; image_icon_background_color=\u00bbRGBA(255,255,255,0)\u00bb image_icon_width=\u00bb30px\u00bb image_icon_width_tablet=\u00bb24px\u00bb image_icon_width_phone=\u00bb20px\u00bb image_icon_width_last_edited=\u00bbon|phone\u00bb _builder_version=\u00bb4.21.0&#8243; _module_preset=\u00bbf8c3ed7d-5542-4f1d-a6c1-aec437f763c4&#8243; header_font=\u00bbOpen Sans|500||on|||||\u00bb header_text_color=\u00bb#272222&#8243; header_line_height=\u00bb1.8em\u00bb border_radii_image=\u00bbon|0px|0px|0px|0px\u00bb border_color_all_image=\u00bb#ED1E25&#8243; locked=\u00bboff\u00bb global_colors_info=\u00bb{}\u00bb]<\/p>\n<p>Reducir &#8211; Reulitizar &#8211; Reciclar.<\/p>\n<p>[\/et_pb_blurb][et_pb_blurb title=\u00bbSOMOS PAPERLESS\u00bb use_icon=\u00bbon\u00bb font_icon=\u00bb&#xf299;||fa||400&#8243; icon_color=\u00bb#ED1E25&#8243; image_icon_background_color=\u00bbRGBA(255,255,255,0)\u00bb image_icon_width=\u00bb30px\u00bb image_icon_width_tablet=\u00bb24px\u00bb image_icon_width_phone=\u00bb20px\u00bb image_icon_width_last_edited=\u00bbon|phone\u00bb _builder_version=\u00bb4.21.0&#8243; _module_preset=\u00bbf8c3ed7d-5542-4f1d-a6c1-aec437f763c4&#8243; header_font=\u00bbOpen Sans|500||on|||||\u00bb header_text_color=\u00bb#272222&#8243; header_line_height=\u00bb1.8em\u00bb border_radii_image=\u00bbon|0px|0px|0px|0px\u00bb border_color_all_image=\u00bb#ED1E25&#8243; locked=\u00bboff\u00bb global_colors_info=\u00bb{}\u00bb]<\/p>\n<p>Hemos duplicado nuestros recursos en ofim\u00e1tica para disminuir al m\u00e1ximo el consumo de papel en nuestras oficinas.<\/p>\n<p>[\/et_pb_blurb][et_pb_blurb title=\u00bbApostamos por energ\u00edas limpias y renovables\u00bb use_icon=\u00bbon\u00bb font_icon=\u00bb&#xf299;||fa||400&#8243; icon_color=\u00bb#ED1E25&#8243; image_icon_background_color=\u00bbRGBA(255,255,255,0)\u00bb image_icon_width=\u00bb30px\u00bb image_icon_width_tablet=\u00bb24px\u00bb image_icon_width_phone=\u00bb20px\u00bb image_icon_width_last_edited=\u00bbon|phone\u00bb _builder_version=\u00bb4.21.0&#8243; _module_preset=\u00bbf8c3ed7d-5542-4f1d-a6c1-aec437f763c4&#8243; header_font=\u00bbOpen Sans|500||on|||||\u00bb header_text_color=\u00bb#272222&#8243; header_line_height=\u00bb1.8em\u00bb border_radii_image=\u00bbon|0px|0px|0px|0px\u00bb border_color_all_image=\u00bb#ED1E25&#8243; locked=\u00bboff\u00bb global_colors_info=\u00bb{}\u00bb]<\/p>\n<p>Estamos transformando nuestro consumo energ\u00e9tico haciendo una clara apuesta por el uso de energ\u00edas renovables.<\/p>\n<p>[\/et_pb_blurb][\/et_pb_column][\/et_pb_row][et_pb_row disabled_on=\u00bboff|off|on\u00bb admin_label=\u00bbMovil ECONOMICO\u00bb _builder_version=\u00bb4.21.0&#8243; _module_preset=\u00bbdefault\u00bb custom_padding=\u00bb||||false|false\u00bb collapsed=\u00bbon\u00bb global_colors_info=\u00bb{}\u00bb][et_pb_column type=\u00bb4_4&#8243; _builder_version=\u00bb4.21.0&#8243; _module_preset=\u00bbdefault\u00bb background_enable_image=\u00bboff\u00bb custom_padding=\u00bb2%||6%||false|false\u00bb animation_direction=\u00bbtop\u00bb global_colors_info=\u00bb{}\u00bb][et_pb_text _builder_version=\u00bb4.21.0&#8243; _module_preset=\u00bbe949edfa-e494-42db-9eec-0805c3b1a059&#8243; header_2_font=\u00bbSaira Semi Condensed|||on|||||\u00bb header_2_text_color=\u00bb#ED1E25&#8243; header_2_font_size=\u00bb38px\u00bb header_2_line_height=\u00bb1.8em\u00bb header_4_font=\u00bbMontserrat|700||on|||||\u00bb header_4_text_color=\u00bb#272222&#8243; header_4_font_size=\u00bb12px\u00bb header_4_letter_spacing=\u00bb2.6px\u00bb header_4_line_height=\u00bb1.6em\u00bb custom_padding=\u00bb||||false|false\u00bb header_2_font_size_tablet=\u00bb30px\u00bb header_2_font_size_phone=\u00bb28px\u00bb header_4_font_size_tablet=\u00bb12px\u00bb header_4_font_size_phone=\u00bb12px\u00bb header_4_font_size_last_edited=\u00bbon|phone\u00bb global_colors_info=\u00bb{%22gcid-11d3dbbb-f6dc-4fb8-929b-9d6994368d00%22:%91%22header_2_text_color%22%93}\u00bb]<\/p>\n<h2>COMPROMISO EMPRESARIAL<\/h2>\n<p>[\/et_pb_text][et_pb_text _builder_version=\u00bb4.21.0&#8243; _module_preset=\u00bb6355f4d6-48f2-45af-b9ce-5d7c0ae556bf\u00bb text_font=\u00bbOpen Sans||||||||\u00bb text_text_color=\u00bb#272222&#8243; global_colors_info=\u00bb{}\u00bb]<\/p>\n<p>Como organizaci\u00f3n social, estamos comprometidos con los criterios de transparencia, cumplimiento de la normativa, lucha contra el fraude y crecimiento sostenible.<\/p>\n<p>[\/et_pb_text][et_pb_blurb title=\u00bbGESTI\u00d3N \u00c9TICA Y TRANSPARENCIA\u00bb use_icon=\u00bbon\u00bb font_icon=\u00bb&#xf2b5;||fa||900&#8243; icon_color=\u00bb#ED1E25&#8243; image_icon_background_color=\u00bbRGBA(255,255,255,0)\u00bb image_icon_width=\u00bb30px\u00bb image_icon_width_tablet=\u00bb24px\u00bb image_icon_width_phone=\u00bb20px\u00bb image_icon_width_last_edited=\u00bbon|phone\u00bb _builder_version=\u00bb4.21.0&#8243; _module_preset=\u00bbf8c3ed7d-5542-4f1d-a6c1-aec437f763c4&#8243; header_font=\u00bbOpen Sans|500||on|||||\u00bb header_text_color=\u00bb#272222&#8243; header_line_height=\u00bb1.8em\u00bb border_radii_image=\u00bbon|0px|0px|0px|0px\u00bb border_color_all_image=\u00bb#ED1E25&#8243; locked=\u00bboff\u00bb global_colors_info=\u00bb{}\u00bb]<\/p>\n<p>Nuestro modelo de negocio se basa en los principios de transparencia, veracidad y buenas pr\u00e1ticas hacia el cliente, los empleados, proveedores y sociedad en general.<\/p>\n<p>[\/et_pb_blurb][et_pb_blurb title=\u00bbCALIDAD Y COMPLIANCE\u00bb use_icon=\u00bbon\u00bb font_icon=\u00bb&#xf2b5;||fa||900&#8243; icon_color=\u00bb#ED1E25&#8243; image_icon_background_color=\u00bbRGBA(255,255,255,0)\u00bb image_icon_width=\u00bb30px\u00bb image_icon_width_tablet=\u00bb24px\u00bb image_icon_width_phone=\u00bb20px\u00bb image_icon_width_last_edited=\u00bbon|phone\u00bb _builder_version=\u00bb4.21.0&#8243; _module_preset=\u00bbf8c3ed7d-5542-4f1d-a6c1-aec437f763c4&#8243; header_font=\u00bbOpen Sans|500||on|||||\u00bb header_text_color=\u00bb#272222&#8243; header_line_height=\u00bb1.8em\u00bb border_radii_image=\u00bbon|0px|0px|0px|0px\u00bb border_color_all_image=\u00bb#ED1E25&#8243; locked=\u00bboff\u00bb global_colors_info=\u00bb{}\u00bb]<\/p>\n<p>Establecemos procedimientos de control para garantizar el cumplimiento y la alineaci\u00f3n de toda la organizaci\u00f3n con nuestros est\u00e1ndares de calidad y con el marco normativo en el que operamos.<\/p>\n<p>[\/et_pb_blurb][\/et_pb_column][\/et_pb_row][et_pb_row disabled_on=\u00bboff|off|on\u00bb admin_label=\u00bbMovil SOCIAL\u00bb _builder_version=\u00bb4.21.0&#8243; custom_margin=\u00bb6%||6%||true|false\u00bb custom_margin_tablet=\u00bb6%||6%||false|false\u00bb custom_margin_phone=\u00bb0%||||false|false\u00bb custom_margin_last_edited=\u00bbon|phone\u00bb custom_padding=\u00bb||||false|false\u00bb collapsed=\u00bbon\u00bb global_colors_info=\u00bb{}\u00bb][et_pb_column type=\u00bb4_4&#8243; _builder_version=\u00bb4.21.0&#8243; border_color_all=\u00bb#ED1E25&#8243; global_colors_info=\u00bb{}\u00bb][et_pb_text _builder_version=\u00bb4.21.0&#8243; header_2_font=\u00bbSaira Semi Condensed||||||||\u00bb header_2_font_size=\u00bb38px\u00bb header_2_line_height=\u00bb1.8em\u00bb header_4_font=\u00bbMontserrat|700||on|||||\u00bb header_4_text_color=\u00bb#272222&#8243; header_4_font_size=\u00bb12px\u00bb header_4_letter_spacing=\u00bb2.6px\u00bb header_4_line_height=\u00bb1.6em\u00bb header_5_font=\u00bbMontserrat|700|||||||\u00bb header_5_text_color=\u00bb#272222&#8243; header_5_font_size=\u00bb12px\u00bb header_5_letter_spacing=\u00bb2.6px\u00bb header_5_line_height=\u00bb1.6em\u00bb header_2_font_size_tablet=\u00bb30px\u00bb header_2_font_size_phone=\u00bb28px\u00bb header_2_font_size_last_edited=\u00bbon|phone\u00bb header_4_font_size_tablet=\u00bb\u00bb header_4_font_size_phone=\u00bb\u00bb header_4_font_size_last_edited=\u00bbon|phone\u00bb header_5_font_size_tablet=\u00bb12px\u00bb header_5_font_size_phone=\u00bb12px\u00bb header_5_font_size_last_edited=\u00bbon|desktop\u00bb locked=\u00bboff\u00bb global_colors_info=\u00bb{}\u00bb]<\/p>\n<h2>COMPROMISO SOCIAL<\/h2>\n<p>[\/et_pb_text][et_pb_text _builder_version=\u00bb4.21.0&#8243; _module_preset=\u00bb6355f4d6-48f2-45af-b9ce-5d7c0ae556bf\u00bb text_font=\u00bbOpen Sans||||||||\u00bb text_text_color=\u00bb#272222&#8243; global_colors_info=\u00bb{}\u00bb]<\/p>\n<p>Estamos comprometidos con las acciones que promuevan la igualdad entre todos los seres humanos, que fomenten la creaci\u00f3n de una sociedad mejor y favorezcan el bienestar de los individuos.<\/p>\n<p>[\/et_pb_text][et_pb_blurb title=\u00bbIGUALDAD EFECTIVA DE OPORTUNIDADES\u00bb use_icon=\u00bbon\u00bb font_icon=\u00bb&#xf500;||fa||900&#8243; icon_color=\u00bb#ED1E25&#8243; image_icon_background_color=\u00bbRGBA(255,255,255,0)\u00bb image_icon_width=\u00bb30px\u00bb image_icon_width_tablet=\u00bb24px\u00bb image_icon_width_phone=\u00bb20px\u00bb image_icon_width_last_edited=\u00bbon|phone\u00bb _builder_version=\u00bb4.21.0&#8243; _module_preset=\u00bbf8c3ed7d-5542-4f1d-a6c1-aec437f763c4&#8243; header_font=\u00bbOpen Sans|500||on|||||\u00bb header_text_color=\u00bb#272222&#8243; header_line_height=\u00bb1.8em\u00bb border_radii_image=\u00bbon|0px|0px|0px|0px\u00bb border_color_all_image=\u00bb#ED1E25&#8243; locked=\u00bboff\u00bb global_colors_info=\u00bb{}\u00bb]<\/p>\n<p>Implantamos pol\u00edticas de igualdad entre nuestros empleados ofreciendo un empleo de calidad sin diferencias de oportunidades, responsabilidades o salarios.<\/p>\n<p>[\/et_pb_blurb][et_pb_blurb title=\u00bbPOL\u00cdTICAS DE CONCILIACI\u00d3N FAMILIAR\u00bb use_icon=\u00bbon\u00bb font_icon=\u00bb&#xf500;||fa||900&#8243; icon_color=\u00bb#ED1E25&#8243; image_icon_background_color=\u00bbRGBA(255,255,255,0)\u00bb image_icon_width=\u00bb30px\u00bb image_icon_width_tablet=\u00bb24px\u00bb image_icon_width_phone=\u00bb20px\u00bb image_icon_width_last_edited=\u00bbon|phone\u00bb _builder_version=\u00bb4.21.0&#8243; _module_preset=\u00bbf8c3ed7d-5542-4f1d-a6c1-aec437f763c4&#8243; header_font=\u00bbOpen Sans|500||on|||||\u00bb header_text_color=\u00bb#272222&#8243; header_line_height=\u00bb1.8em\u00bb border_radii_image=\u00bbon|0px|0px|0px|0px\u00bb border_color_all_image=\u00bb#ED1E25&#8243; locked=\u00bboff\u00bb global_colors_info=\u00bb{}\u00bb]<\/p>\n<p>Apoyamos la conciliaci\u00f3n familiar favoreciendo medidas de reducci\u00f3n de jornada, la adecuaci\u00f3n de horarios y el teletrabajo.<\/p>\n<p>[\/et_pb_blurb][et_pb_blurb title=\u00bbC\u00d3DIGO DE BUENA CONDUCTA\u00bb use_icon=\u00bbon\u00bb font_icon=\u00bb&#xf500;||fa||900&#8243; icon_color=\u00bb#ED1E25&#8243; image_icon_background_color=\u00bbRGBA(255,255,255,0)\u00bb image_icon_width=\u00bb30px\u00bb image_icon_width_tablet=\u00bb24px\u00bb image_icon_width_phone=\u00bb20px\u00bb image_icon_width_last_edited=\u00bbon|phone\u00bb _builder_version=\u00bb4.21.0&#8243; _module_preset=\u00bbf8c3ed7d-5542-4f1d-a6c1-aec437f763c4&#8243; header_font=\u00bbOpen Sans|500||on|||||\u00bb header_text_color=\u00bb#272222&#8243; header_line_height=\u00bb1.8em\u00bb border_radii_image=\u00bbon|0px|0px|0px|0px\u00bb border_color_all_image=\u00bb#ED1E25&#8243; locked=\u00bboff\u00bb global_colors_info=\u00bb{}\u00bb]<\/p>\n<p>Desarrollamos medidas de convivencia y buena conducta en el trabajo para prevenir y luchar contra la discriminaci\u00f3n, el acoso o el mobbing.<\/p>\n<p>[\/et_pb_blurb][et_pb_blurb title=\u00bbACCIONES DE VOLUNTARIADO\u00bb use_icon=\u00bbon\u00bb font_icon=\u00bb&#xf500;||fa||900&#8243; icon_color=\u00bb#ED1E25&#8243; image_icon_background_color=\u00bbRGBA(255,255,255,0)\u00bb image_icon_width=\u00bb30px\u00bb image_icon_width_tablet=\u00bb24px\u00bb image_icon_width_phone=\u00bb20px\u00bb image_icon_width_last_edited=\u00bbon|phone\u00bb _builder_version=\u00bb4.21.0&#8243; _module_preset=\u00bbf8c3ed7d-5542-4f1d-a6c1-aec437f763c4&#8243; header_font=\u00bbOpen Sans|500||on|||||\u00bb header_text_color=\u00bb#272222&#8243; header_line_height=\u00bb1.8em\u00bb border_radii_image=\u00bbon|0px|0px|0px|0px\u00bb border_color_all_image=\u00bb#ED1E25&#8243; locked=\u00bboff\u00bb global_colors_info=\u00bb{}\u00bb]<\/p>\n<p>Impulsamos acciones de voluntariado y colaboraci\u00f3n para una sociedad m\u00e1s solidaria, por ejemplo, entregando material sanitario en hospitales durante la pandemia o llevando ayuda a los damnificados por el volc\u00e1n de La Palma.<\/p>\n<p>[\/et_pb_blurb][et_pb_button button_url=\u00bb\/aduanas\/empresa\/#menu\u00bb button_text=\u00bbVolver\u00bb button_alignment=\u00bbleft\u00bb _builder_version=\u00bb4.21.0&#8243; _module_preset=\u00bbe44a4e92-266b-4174-85d5-5dd15c5bf7c0&#8243; button_text_color=\u00bb#272222&#8243; button_border_width=\u00bb0px\u00bb button_border_color=\u00bbRGBA(255,255,255,0)\u00bb button_border_radius=\u00bb0px\u00bb button_letter_spacing=\u00bb5px\u00bb button_font=\u00bbOpen Sans|700||on|||||\u00bb button_icon=\u00bb&#x21;||divi||400&#8243; button_icon_color=\u00bb#272222&#8243; button_on_hover=\u00bboff\u00bb custom_padding=\u00bb|10px|||true|false\u00bb button_text_size_tablet=\u00bb16px\u00bb button_text_size_phone=\u00bb12px\u00bb button_text_size_last_edited=\u00bbon|desktop\u00bb button_text_color_tablet=\u00bb#272222&#8243; button_text_color_phone=\u00bb#272222&#8243; button_text_color_last_edited=\u00bbon|desktop\u00bb global_colors_info=\u00bb{}\u00bb button_text_size__hover_enabled=\u00bbon|hover\u00bb button_letter_spacing__hover_enabled=\u00bbon|desktop\u00bb button_letter_spacing__hover=\u00bb7px\u00bb button_text_color__hover_enabled=\u00bbon|hover\u00bb button_text_color__hover=\u00bb#ED1E25&#8243; button_icon_color__hover_enabled=\u00bbon|hover\u00bb button_icon_color__hover=\u00bb#ED1E25&#8243;][\/et_pb_button][\/et_pb_column][\/et_pb_row][et_pb_row disabled_on=\u00bboff|off|on\u00bb admin_label=\u00bbMovil Imagen SOCIAL\u00bb _builder_version=\u00bb4.21.0&#8243; width_tablet=\u00bb60%\u00bb width_phone=\u00bb60%\u00bb width_last_edited=\u00bbon|tablet\u00bb custom_margin=\u00bb6%||6%||true|false\u00bb custom_margin_tablet=\u00bb12%||6%||false|false\u00bb custom_margin_phone=\u00bb12%||||false|false\u00bb custom_margin_last_edited=\u00bbon|phone\u00bb custom_padding=\u00bb||||false|false\u00bb collapsed=\u00bbon\u00bb global_colors_info=\u00bb{}\u00bb][et_pb_column type=\u00bb4_4&#8243; _builder_version=\u00bb4.21.0&#8243; border_width_all=\u00bb2px\u00bb border_color_all=\u00bb#ED1E25&#8243; global_colors_info=\u00bb{}\u00bb][et_pb_gallery gallery_ids=\u00bb234759,234758,234760,234761,234757&#8243; fullwidth=\u00bbon\u00bb _builder_version=\u00bb4.22.2&#8243; _module_preset=\u00bbdefault\u00bb pagination_text_color=\u00bbRGBA(255,255,255,0)\u00bb pagination_font_size=\u00bb0px\u00bb transform_scale_tablet=\u00bb\u00bb transform_scale_phone=\u00bb\u00bb transform_scale_last_edited=\u00bbon|phone\u00bb transform_translate=\u00bb-10%|-10%\u00bb transform_translate_tablet=\u00bb-10%|-10%\u00bb transform_translate_phone=\u00bb-10%|-10%\u00bb transform_translate_last_edited=\u00bbon|phone\u00bb transform_translate_linked=\u00bboff\u00bb transform_rotate_tablet=\u00bb\u00bb transform_rotate_phone=\u00bb\u00bb transform_rotate_last_edited=\u00bbon|phone\u00bb transform_skew_tablet=\u00bb\u00bb transform_skew_phone=\u00bb\u00bb transform_skew_last_edited=\u00bbon|phone\u00bb transform_origin_tablet=\u00bb\u00bb transform_origin_phone=\u00bb\u00bb transform_origin_last_edited=\u00bbon|phone\u00bb transform_styles_last_edited=\u00bbon|phone\u00bb animation_style=\u00bbslide\u00bb animation_direction=\u00bbbottom\u00bb animation_duration=\u00bb700ms\u00bb animation_intensity_slide=\u00bb2%\u00bb auto=\u00bbon\u00bb auto_speed=\u00bb4000&#8243; hover_enabled=\u00bb0&#8243; transform_styles_tablet=\u00bb\u00bb transform_styles_phone=\u00bb\u00bb global_colors_info=\u00bb{}\u00bb sticky_enabled=\u00bb0&#8243;][\/et_pb_gallery][\/et_pb_column][\/et_pb_row][\/et_pb_section][et_pb_section fb_built=\u00bb1&#8243; admin_label=\u00bbclientes\u00bb module_id=\u00bbclientes\u00bb _builder_version=\u00bb4.21.0&#8243; _module_preset=\u00bbdefault\u00bb background_color=\u00bb#f3f5f9&#8243; z_index=\u00bb1&#8243; custom_margin=\u00bb||||false|false\u00bb custom_padding=\u00bb||20vh||false|false\u00bb border_width_top=\u00bb6px\u00bb border_color_top=\u00bb#ED1E25&#8243; collapsed=\u00bbon\u00bb global_colors_info=\u00bb{}\u00bb][et_pb_row admin_label=\u00bbIntro\u00bb _builder_version=\u00bb4.21.0&#8243; _module_preset=\u00bbdefault\u00bb custom_margin=\u00bb40px||40px||true|false\u00bb custom_margin_tablet=\u00bb4%||4%||true|false\u00bb custom_margin_phone=\u00bb2%||2%||true|false\u00bb custom_margin_last_edited=\u00bbon|tablet\u00bb collapsed=\u00bbon\u00bb global_colors_info=\u00bb{}\u00bb][et_pb_column type=\u00bb4_4&#8243; _builder_version=\u00bb4.21.0&#8243; _module_preset=\u00bbdefault\u00bb global_colors_info=\u00bb{}\u00bb][et_pb_text _builder_version=\u00bb4.21.0&#8243; _module_preset=\u00bbdefault\u00bb header_font=\u00bbSaira Semi Condensed|800||on|||||\u00bb header_text_align=\u00bbleft\u00bb header_text_color=\u00bb#ED1E25&#8243; header_font_size=\u00bb60px\u00bb header_letter_spacing=\u00bb5px\u00bb header_2_font=\u00bbSaira Semi Condensed|700||on|||||\u00bb header_2_text_color=\u00bb#ED1E25&#8243; header_2_font_size=\u00bb48px\u00bb header_2_line_height=\u00bb1.8em\u00bb custom_padding=\u00bb||||false|false\u00bb animation_style=\u00bbslide\u00bb animation_direction=\u00bbbottom\u00bb animation_duration=\u00bb700ms\u00bb animation_intensity_slide=\u00bb2%\u00bb animation_speed_curve=\u00bbease\u00bb header_font_size_tablet=\u00bb50px\u00bb header_font_size_phone=\u00bb40px\u00bb header_font_size_last_edited=\u00bbon|phone\u00bb header_letter_spacing_tablet=\u00bb5px\u00bb header_letter_spacing_phone=\u00bb0px\u00bb header_letter_spacing_last_edited=\u00bbon|phone\u00bb header_2_font_size_tablet=\u00bb38px\u00bb header_2_font_size_phone=\u00bb28px\u00bb header_2_font_size_last_edited=\u00bbon|desktop\u00bb header_2_letter_spacing_tablet=\u00bb0px\u00bb header_2_letter_spacing_phone=\u00bb0px\u00bb header_2_letter_spacing_last_edited=\u00bbon|phone\u00bb global_colors_info=\u00bb{}\u00bb]<\/p>\n<h2 style=\"text-align: center;\">COMPA\u00d1\u00cdAS QUE CONF\u00cdAN EN NOSOTROS<\/h2>\n<p>[\/et_pb_text][\/et_pb_column][\/et_pb_row][et_pb_row disabled_on=\u00bboff|off|off\u00bb admin_label=\u00bbClientes PC\u00bb _builder_version=\u00bb4.21.0&#8243; _module_preset=\u00bbdefault\u00bb collapsed=\u00bboff\u00bb global_colors_info=\u00bb{}\u00bb][et_pb_column type=\u00bb4_4&#8243; _builder_version=\u00bb4.21.0&#8243; _module_preset=\u00bbdefault\u00bb global_colors_info=\u00bb{}\u00bb][ba_logo_grid grid_height=\u00bb250px\u00bb logo_size=\u00bb200px\u00bb image_hover=\u00bbno_hover\u00bb logo_overflow=\u00bbhidden\u00bb column_count_tablet=\u00bb2&#8243; column_count_phone=\u00bb2&#8243; column_count_last_edited=\u00bbon|tablet\u00bb grid_height_tablet=\u00bb200px\u00bb grid_height_phone=\u00bb150px\u00bb grid_height_last_edited=\u00bbon|phone\u00bb logo_size_tablet=\u00bb150px\u00bb logo_size_phone=\u00bb120px\u00bb logo_size_last_edited=\u00bbon|tablet\u00bb _builder_version=\u00bb4.21.0&#8243; _module_preset=\u00bbdefault\u00bb global_colors_info=\u00bb{}\u00bb][ba_logo_grid_child logo_url=\u00bbhttps:\/\/www.adycoaduanas.com\/aduanas\/wp-content\/uploads\/2023\/06\/CORREOS-2.png\u00bb brand_name=\u00bbCORREOS\u00bb _builder_version=\u00bb4.21.0&#8243; _module_preset=\u00bbdefault\u00bb background_color=\u00bb#FFFFFF\u00bb background_enable_color=\u00bbon\u00bb custom_margin=\u00bb||||false|false\u00bb custom_padding=\u00bb0px||0px||true|false\u00bb border_width_all=\u00bb1px\u00bb border_color_all=\u00bb#b0b2b0&#8243; global_colors_info=\u00bb{}\u00bb][\/ba_logo_grid_child][ba_logo_grid_child logo_url=\u00bbhttps:\/\/www.adycoaduanas.com\/aduanas\/wp-content\/uploads\/2023\/06\/CORREOS-EXPRESS.png\u00bb brand_name=\u00bbCORREOS-EXPRESS\u00bb _builder_version=\u00bb4.21.0&#8243; _module_preset=\u00bbdefault\u00bb background_color=\u00bb#FFFFFF\u00bb background_enable_color=\u00bbon\u00bb custom_margin=\u00bb||||false|false\u00bb custom_padding=\u00bb0px||0px||true|false\u00bb border_width_all=\u00bb1px\u00bb border_color_all=\u00bb#b0b2b0&#8243; global_colors_info=\u00bb{}\u00bb][\/ba_logo_grid_child][ba_logo_grid_child logo_url=\u00bbhttps:\/\/www.adycoaduanas.com\/aduanas\/wp-content\/uploads\/2023\/06\/CTT-EXPRESS-2.png\u00bb brand_name=\u00bbCTT-EXPRESS\u00bb _builder_version=\u00bb4.21.0&#8243; _module_preset=\u00bbdefault\u00bb background_color=\u00bb#FFFFFF\u00bb background_enable_color=\u00bbon\u00bb border_width_all=\u00bb1px\u00bb border_color_all=\u00bb#b0b2b0&#8243; global_colors_info=\u00bb{}\u00bb][\/ba_logo_grid_child][ba_logo_grid_child logo_url=\u00bbhttps:\/\/www.adycoaduanas.com\/aduanas\/wp-content\/uploads\/2023\/06\/TIPSA.png\u00bb brand_name=\u00bbTIPSA\u00bb _builder_version=\u00bb4.21.0&#8243; _module_preset=\u00bbdefault\u00bb background_color=\u00bb#FFFFFF\u00bb background_enable_color=\u00bbon\u00bb border_width_all=\u00bb1px\u00bb border_color_all=\u00bb#b0b2b0&#8243; global_colors_info=\u00bb{}\u00bb][\/ba_logo_grid_child][\/ba_logo_grid][\/et_pb_column][\/et_pb_row][\/et_pb_section]<\/p>\n","protected":false},"excerpt":{"rendered":"<p>Compa\u00f1\u00eda de referencia en el despacho y almac\u00e9n de aduanas. Ofrecemos despachos B2B y B2C, ADT, dep\u00f3sito aduanero y log\u00edstica a Canarias<\/p>\n","protected":false},"author":1,"featured_media":34718,"parent":0,"menu_order":0,"comment_status":"closed","ping_status":"closed","template":"","meta":{"_et_pb_use_builder":"on","_et_pb_old_content":"","_et_gb_content_width":"","_monsterinsights_skip_tracking":false,"_monsterinsights_sitenote_active":false,"_monsterinsights_sitenote_note":"","_monsterinsights_sitenote_category":0,"footnotes":""},"class_list":["post-41","page","type-page","status-publish","has-post-thumbnail","hentry"],"yoast_head":"<!-- This site is optimized with the Yoast SEO plugin v27.5 - https:\/\/yoast.com\/product\/yoast-seo-wordpress\/ -->\n<title>EMPRESA | Adyco Aduanas<\/title>\n<meta name=\"description\" content=\"Compa\u00f1\u00eda de referencia en el despacho y almac\u00e9n de aduanas. Ofrecemos despachos B2B y B2C, ADT, dep\u00f3sito aduanero y log\u00edstica a Canarias\" \/>\n<meta name=\"robots\" content=\"index, follow, max-snippet:-1, max-image-preview:large, max-video-preview:-1\" \/>\n<link rel=\"canonical\" href=\"https:\/\/www.adycoaduanas.com\/aduanas\/empresa\/\" \/>\n<meta property=\"og:locale\" content=\"es_ES\" \/>\n<meta property=\"og:type\" content=\"article\" \/>\n<meta property=\"og:title\" content=\"EMPRESA | Adyco Aduanas\" \/>\n<meta property=\"og:description\" content=\"Compa\u00f1\u00eda de referencia en el despacho y almac\u00e9n de aduanas. Ofrecemos despachos B2B y B2C, ADT, dep\u00f3sito aduanero y log\u00edstica a Canarias\" \/>\n<meta property=\"og:url\" content=\"https:\/\/www.adycoaduanas.com\/aduanas\/empresa\/\" \/>\n<meta property=\"og:site_name\" content=\"Adyco Aduanas\" \/>\n<meta property=\"article:modified_time\" content=\"2023-10-17T12:50:08+00:00\" \/>\n<meta property=\"og:image\" content=\"https:\/\/www.adycoaduanas.com\/aduanas\/wp-content\/uploads\/2023\/06\/Fachada-Coslada.jpg\" \/>\n\t<meta property=\"og:image:width\" content=\"600\" \/>\n\t<meta property=\"og:image:height\" content=\"400\" \/>\n\t<meta property=\"og:image:type\" content=\"image\/jpeg\" \/>\n<meta name=\"twitter:card\" content=\"summary_large_image\" \/>\n<meta name=\"twitter:title\" content=\"EMPRESA | Adyco Aduanas\" \/>\n<meta name=\"twitter:description\" content=\"Compa\u00f1\u00eda de referencia en el despacho y almac\u00e9n de aduanas. Ofrecemos despachos B2B y B2C, ADT, dep\u00f3sito aduanero y log\u00edstica a Canarias\" \/>\n<meta name=\"twitter:image\" content=\"https:\/\/www.adycoaduanas.com\/aduanas\/wp-content\/uploads\/2023\/06\/Fachada-Coslada.jpg\" \/>\n<meta name=\"twitter:site\" content=\"@AdycoAduanas\" \/>\n<meta name=\"twitter:label1\" content=\"Tiempo de lectura\" \/>\n\t<meta name=\"twitter:data1\" content=\"21 minutos\" \/>\n<script type=\"application\/ld+json\" class=\"yoast-schema-graph\">{\"@context\":\"https:\\\/\\\/schema.org\",\"@graph\":[{\"@type\":\"WebPage\",\"@id\":\"https:\\\/\\\/www.adycoaduanas.com\\\/aduanas\\\/empresa\\\/\",\"url\":\"https:\\\/\\\/www.adycoaduanas.com\\\/aduanas\\\/empresa\\\/\",\"name\":\"EMPRESA | Adyco Aduanas\",\"isPartOf\":{\"@id\":\"https:\\\/\\\/www.adycoaduanas.com\\\/aduanas\\\/#website\"},\"primaryImageOfPage\":{\"@id\":\"https:\\\/\\\/www.adycoaduanas.com\\\/aduanas\\\/empresa\\\/#primaryimage\"},\"image\":{\"@id\":\"https:\\\/\\\/www.adycoaduanas.com\\\/aduanas\\\/empresa\\\/#primaryimage\"},\"thumbnailUrl\":\"https:\\\/\\\/www.adycoaduanas.com\\\/aduanas\\\/wp-content\\\/uploads\\\/2023\\\/06\\\/Fachada-Coslada.jpg\",\"datePublished\":\"2023-06-02T11:35:23+00:00\",\"dateModified\":\"2023-10-17T12:50:08+00:00\",\"description\":\"Compa\u00f1\u00eda de referencia en el despacho y almac\u00e9n de aduanas. Ofrecemos despachos B2B y B2C, ADT, dep\u00f3sito aduanero y log\u00edstica a Canarias\",\"breadcrumb\":{\"@id\":\"https:\\\/\\\/www.adycoaduanas.com\\\/aduanas\\\/empresa\\\/#breadcrumb\"},\"inLanguage\":\"es\",\"potentialAction\":[{\"@type\":\"ReadAction\",\"target\":[\"https:\\\/\\\/www.adycoaduanas.com\\\/aduanas\\\/empresa\\\/\"]}]},{\"@type\":\"ImageObject\",\"inLanguage\":\"es\",\"@id\":\"https:\\\/\\\/www.adycoaduanas.com\\\/aduanas\\\/empresa\\\/#primaryimage\",\"url\":\"https:\\\/\\\/www.adycoaduanas.com\\\/aduanas\\\/wp-content\\\/uploads\\\/2023\\\/06\\\/Fachada-Coslada.jpg\",\"contentUrl\":\"https:\\\/\\\/www.adycoaduanas.com\\\/aduanas\\\/wp-content\\\/uploads\\\/2023\\\/06\\\/Fachada-Coslada.jpg\",\"width\":600,\"height\":400,\"caption\":\"Adyco Coslada: Agente aduanas\"},{\"@type\":\"BreadcrumbList\",\"@id\":\"https:\\\/\\\/www.adycoaduanas.com\\\/aduanas\\\/empresa\\\/#breadcrumb\",\"itemListElement\":[{\"@type\":\"ListItem\",\"position\":1,\"name\":\"Portada\",\"item\":\"https:\\\/\\\/www.adycoaduanas.com\\\/aduanas\\\/\"},{\"@type\":\"ListItem\",\"position\":2,\"name\":\"EMPRESA\"}]},{\"@type\":\"WebSite\",\"@id\":\"https:\\\/\\\/www.adycoaduanas.com\\\/aduanas\\\/#website\",\"url\":\"https:\\\/\\\/www.adycoaduanas.com\\\/aduanas\\\/\",\"name\":\"Adyco Aduanas\",\"description\":\"L\u00edderes en e-commerce y log\u00edstica a Canarias\",\"publisher\":{\"@id\":\"https:\\\/\\\/www.adycoaduanas.com\\\/aduanas\\\/#organization\"},\"potentialAction\":[{\"@type\":\"SearchAction\",\"target\":{\"@type\":\"EntryPoint\",\"urlTemplate\":\"https:\\\/\\\/www.adycoaduanas.com\\\/aduanas\\\/?s={search_term_string}\"},\"query-input\":{\"@type\":\"PropertyValueSpecification\",\"valueRequired\":true,\"valueName\":\"search_term_string\"}}],\"inLanguage\":\"es\"},{\"@type\":\"Organization\",\"@id\":\"https:\\\/\\\/www.adycoaduanas.com\\\/aduanas\\\/#organization\",\"name\":\"Adyco Aduanas S.L.\",\"url\":\"https:\\\/\\\/www.adycoaduanas.com\\\/aduanas\\\/\",\"logo\":{\"@type\":\"ImageObject\",\"inLanguage\":\"es\",\"@id\":\"https:\\\/\\\/www.adycoaduanas.com\\\/aduanas\\\/#\\\/schema\\\/logo\\\/image\\\/\",\"url\":\"https:\\\/\\\/www.adycoaduanas.com\\\/aduanas\\\/wp-content\\\/uploads\\\/2023\\\/06\\\/300x140.png\",\"contentUrl\":\"https:\\\/\\\/www.adycoaduanas.com\\\/aduanas\\\/wp-content\\\/uploads\\\/2023\\\/06\\\/300x140.png\",\"width\":300,\"height\":140,\"caption\":\"Adyco Aduanas S.L.\"},\"image\":{\"@id\":\"https:\\\/\\\/www.adycoaduanas.com\\\/aduanas\\\/#\\\/schema\\\/logo\\\/image\\\/\"},\"sameAs\":[\"https:\\\/\\\/x.com\\\/AdycoAduanas\",\"https:\\\/\\\/www.linkedin.com\\\/company\\\/adyco-aduanas-sl\\\/about\\\/\"]}]}<\/script>\n<!-- \/ Yoast SEO plugin. -->","yoast_head_json":{"title":"EMPRESA | Adyco Aduanas","description":"Compa\u00f1\u00eda de referencia en el despacho y almac\u00e9n de aduanas. Ofrecemos despachos B2B y B2C, ADT, dep\u00f3sito aduanero y log\u00edstica a Canarias","robots":{"index":"index","follow":"follow","max-snippet":"max-snippet:-1","max-image-preview":"max-image-preview:large","max-video-preview":"max-video-preview:-1"},"canonical":"https:\/\/www.adycoaduanas.com\/aduanas\/empresa\/","og_locale":"es_ES","og_type":"article","og_title":"EMPRESA | Adyco Aduanas","og_description":"Compa\u00f1\u00eda de referencia en el despacho y almac\u00e9n de aduanas. Ofrecemos despachos B2B y B2C, ADT, dep\u00f3sito aduanero y log\u00edstica a Canarias","og_url":"https:\/\/www.adycoaduanas.com\/aduanas\/empresa\/","og_site_name":"Adyco Aduanas","article_modified_time":"2023-10-17T12:50:08+00:00","og_image":[{"width":600,"height":400,"url":"https:\/\/www.adycoaduanas.com\/aduanas\/wp-content\/uploads\/2023\/06\/Fachada-Coslada.jpg","type":"image\/jpeg"}],"twitter_card":"summary_large_image","twitter_title":"EMPRESA | Adyco Aduanas","twitter_description":"Compa\u00f1\u00eda de referencia en el despacho y almac\u00e9n de aduanas. Ofrecemos despachos B2B y B2C, ADT, dep\u00f3sito aduanero y log\u00edstica a Canarias","twitter_image":"https:\/\/www.adycoaduanas.com\/aduanas\/wp-content\/uploads\/2023\/06\/Fachada-Coslada.jpg","twitter_site":"@AdycoAduanas","twitter_misc":{"Tiempo de lectura":"21 minutos"},"schema":{"@context":"https:\/\/schema.org","@graph":[{"@type":"WebPage","@id":"https:\/\/www.adycoaduanas.com\/aduanas\/empresa\/","url":"https:\/\/www.adycoaduanas.com\/aduanas\/empresa\/","name":"EMPRESA | Adyco Aduanas","isPartOf":{"@id":"https:\/\/www.adycoaduanas.com\/aduanas\/#website"},"primaryImageOfPage":{"@id":"https:\/\/www.adycoaduanas.com\/aduanas\/empresa\/#primaryimage"},"image":{"@id":"https:\/\/www.adycoaduanas.com\/aduanas\/empresa\/#primaryimage"},"thumbnailUrl":"https:\/\/www.adycoaduanas.com\/aduanas\/wp-content\/uploads\/2023\/06\/Fachada-Coslada.jpg","datePublished":"2023-06-02T11:35:23+00:00","dateModified":"2023-10-17T12:50:08+00:00","description":"Compa\u00f1\u00eda de referencia en el despacho y almac\u00e9n de aduanas. Ofrecemos despachos B2B y B2C, ADT, dep\u00f3sito aduanero y log\u00edstica a Canarias","breadcrumb":{"@id":"https:\/\/www.adycoaduanas.com\/aduanas\/empresa\/#breadcrumb"},"inLanguage":"es","potentialAction":[{"@type":"ReadAction","target":["https:\/\/www.adycoaduanas.com\/aduanas\/empresa\/"]}]},{"@type":"ImageObject","inLanguage":"es","@id":"https:\/\/www.adycoaduanas.com\/aduanas\/empresa\/#primaryimage","url":"https:\/\/www.adycoaduanas.com\/aduanas\/wp-content\/uploads\/2023\/06\/Fachada-Coslada.jpg","contentUrl":"https:\/\/www.adycoaduanas.com\/aduanas\/wp-content\/uploads\/2023\/06\/Fachada-Coslada.jpg","width":600,"height":400,"caption":"Adyco Coslada: Agente aduanas"},{"@type":"BreadcrumbList","@id":"https:\/\/www.adycoaduanas.com\/aduanas\/empresa\/#breadcrumb","itemListElement":[{"@type":"ListItem","position":1,"name":"Portada","item":"https:\/\/www.adycoaduanas.com\/aduanas\/"},{"@type":"ListItem","position":2,"name":"EMPRESA"}]},{"@type":"WebSite","@id":"https:\/\/www.adycoaduanas.com\/aduanas\/#website","url":"https:\/\/www.adycoaduanas.com\/aduanas\/","name":"Adyco Aduanas","description":"L\u00edderes en e-commerce y log\u00edstica a Canarias","publisher":{"@id":"https:\/\/www.adycoaduanas.com\/aduanas\/#organization"},"potentialAction":[{"@type":"SearchAction","target":{"@type":"EntryPoint","urlTemplate":"https:\/\/www.adycoaduanas.com\/aduanas\/?s={search_term_string}"},"query-input":{"@type":"PropertyValueSpecification","valueRequired":true,"valueName":"search_term_string"}}],"inLanguage":"es"},{"@type":"Organization","@id":"https:\/\/www.adycoaduanas.com\/aduanas\/#organization","name":"Adyco Aduanas S.L.","url":"https:\/\/www.adycoaduanas.com\/aduanas\/","logo":{"@type":"ImageObject","inLanguage":"es","@id":"https:\/\/www.adycoaduanas.com\/aduanas\/#\/schema\/logo\/image\/","url":"https:\/\/www.adycoaduanas.com\/aduanas\/wp-content\/uploads\/2023\/06\/300x140.png","contentUrl":"https:\/\/www.adycoaduanas.com\/aduanas\/wp-content\/uploads\/2023\/06\/300x140.png","width":300,"height":140,"caption":"Adyco Aduanas S.L."},"image":{"@id":"https:\/\/www.adycoaduanas.com\/aduanas\/#\/schema\/logo\/image\/"},"sameAs":["https:\/\/x.com\/AdycoAduanas","https:\/\/www.linkedin.com\/company\/adyco-aduanas-sl\/about\/"]}]}},"_links":{"self":[{"href":"https:\/\/www.adycoaduanas.com\/aduanas\/wp-json\/wp\/v2\/pages\/41","targetHints":{"allow":["GET"]}}],"collection":[{"href":"https:\/\/www.adycoaduanas.com\/aduanas\/wp-json\/wp\/v2\/pages"}],"about":[{"href":"https:\/\/www.adycoaduanas.com\/aduanas\/wp-json\/wp\/v2\/types\/page"}],"author":[{"embeddable":true,"href":"https:\/\/www.adycoaduanas.com\/aduanas\/wp-json\/wp\/v2\/users\/1"}],"replies":[{"embeddable":true,"href":"https:\/\/www.adycoaduanas.com\/aduanas\/wp-json\/wp\/v2\/comments?post=41"}],"version-history":[{"count":302,"href":"https:\/\/www.adycoaduanas.com\/aduanas\/wp-json\/wp\/v2\/pages\/41\/revisions"}],"predecessor-version":[{"id":239321,"href":"https:\/\/www.adycoaduanas.com\/aduanas\/wp-json\/wp\/v2\/pages\/41\/revisions\/239321"}],"wp:featuredmedia":[{"embeddable":true,"href":"https:\/\/www.adycoaduanas.com\/aduanas\/wp-json\/wp\/v2\/media\/34718"}],"wp:attachment":[{"href":"https:\/\/www.adycoaduanas.com\/aduanas\/wp-json\/wp\/v2\/media?parent=41"}],"curies":[{"name":"wp","href":"https:\/\/api.w.org\/{rel}","templated":true}]}}